{"id":23845,"date":"2026-04-28T18:37:51","date_gmt":"2026-04-28T18:37:51","guid":{"rendered":"https:\/\/aliancaevangelica.pt\/site\/?page_id=23845"},"modified":"2026-04-28T20:05:34","modified_gmt":"2026-04-28T20:05:34","slug":"gab-comacep","status":"publish","type":"page","link":"https:\/\/aliancaevangelica.pt\/site\/gab-comacep\/","title":{"rendered":"GABINETE COMACEP"},"content":{"rendered":"\n<h2 class=\"wp-block-heading\">Ensino, EMRE, CBE, Forma\u00e7\u00e3o, Apoio, Manuais, Recursos, &#8230;<\/h2>\n\n\n\n<div style=\"height:10px\" aria-hidden=\"true\" class=\"wp-block-spacer\"><\/div>\n\n\n\n<h3 class=\"wp-block-heading\"><strong>Objetivos<\/strong><\/h3>\n\n\n\n<div class=\"wp-block-uagb-icon-list uagb-block-2deffbab\"><div class=\"uagb-icon-list__wrap\">\n<div class=\"wp-block-uagb-icon-list-child uagb-block-8766f1bb\"><span class=\"uagb-icon-list__source-wrap\"><svg xmlns=\"https:\/\/www.w3.org\/2000\/svg\" viewBox=\"0 0 512 512\"><path d=\"M256 0C114.6 0 0 114.6 0 256c0 141.4 114.6 256 256 256s256-114.6 256-256C512 114.6 397.4 0 256 0zM406.6 278.6l-103.1 103.1c-12.5 12.5-32.75 12.5-45.25 0s-12.5-32.75 0-45.25L306.8 288H128C110.3 288 96 273.7 96 256s14.31-32 32-32h178.8l-49.38-49.38c-12.5-12.5-12.5-32.75 0-45.25s32.75-12.5 45.25 0l103.1 103.1C414.6 241.3 416 251.1 416 256C416 260.9 414.6 270.7 406.6 278.6z\"><\/path><\/svg><\/span><span class=\"uagb-icon-list__label\">Promover a implementa\u00e7\u00e3o da disciplina de <strong>Educa\u00e7\u00e3o Moral e Religiosa Evang\u00e9lica<\/strong> (<strong>EMRE<\/strong>) em mais estabelecimentos de ensino, garantindo a qualidade dos conte\u00fados program\u00e1ticos e dos m\u00e9todos pedag\u00f3gicos.<\/span><\/div>\n\n\n\n<div class=\"wp-block-uagb-icon-list-child uagb-block-ec3c100e\"><span class=\"uagb-icon-list__source-wrap\"><svg xmlns=\"https:\/\/www.w3.org\/2000\/svg\" viewBox=\"0 0 512 512\"><path d=\"M256 0C114.6 0 0 114.6 0 256c0 141.4 114.6 256 256 256s256-114.6 256-256C512 114.6 397.4 0 256 0zM406.6 278.6l-103.1 103.1c-12.5 12.5-32.75 12.5-45.25 0s-12.5-32.75 0-45.25L306.8 288H128C110.3 288 96 273.7 96 256s14.31-32 32-32h178.8l-49.38-49.38c-12.5-12.5-12.5-32.75 0-45.25s32.75-12.5 45.25 0l103.1 103.1C414.6 241.3 416 251.1 416 256C416 260.9 414.6 270.7 406.6 278.6z\"><\/path><\/svg><\/span><span class=\"uagb-icon-list__label\">Fomentar o ensino b\u00edblico atrav\u00e9s do <strong>Clube B\u00edblico Evang\u00e9lico<\/strong> (<strong>CBE<\/strong>) sempre que n\u00e3o existam condi\u00e7\u00f5es para o funcionamento curricular da disciplina.<\/span><\/div>\n\n\n\n<div class=\"wp-block-uagb-icon-list-child uagb-block-1e75dd5f\"><span class=\"uagb-icon-list__source-wrap\"><svg xmlns=\"https:\/\/www.w3.org\/2000\/svg\" viewBox=\"0 0 512 512\"><path d=\"M256 0C114.6 0 0 114.6 0 256c0 141.4 114.6 256 256 256s256-114.6 256-256C512 114.6 397.4 0 256 0zM406.6 278.6l-103.1 103.1c-12.5 12.5-32.75 12.5-45.25 0s-12.5-32.75 0-45.25L306.8 288H128C110.3 288 96 273.7 96 256s14.31-32 32-32h178.8l-49.38-49.38c-12.5-12.5-12.5-32.75 0-45.25s32.75-12.5 45.25 0l103.1 103.1C414.6 241.3 416 251.1 416 256C416 260.9 414.6 270.7 406.6 278.6z\"><\/path><\/svg><\/span><span class=\"uagb-icon-list__label\">Refor\u00e7ar a divulga\u00e7\u00e3o da <strong>EMRE <\/strong>e do <strong>CBE <\/strong>junto das comunidades educativas e das lideran\u00e7as evang\u00e9licas, atrav\u00e9s de campanhas informativas com reuni\u00f5es presenciais, comunica\u00e7\u00f5es eletr\u00f3nicas, publica\u00e7\u00f5es em redes sociais e distribui\u00e7\u00e3o de diversos materiais promocionais.<\/span><\/div>\n\n\n\n<div class=\"wp-block-uagb-icon-list-child uagb-block-d9ac59d9\"><span class=\"uagb-icon-list__source-wrap\"><svg xmlns=\"https:\/\/www.w3.org\/2000\/svg\" viewBox=\"0 0 512 512\"><path d=\"M256 0C114.6 0 0 114.6 0 256c0 141.4 114.6 256 256 256s256-114.6 256-256C512 114.6 397.4 0 256 0zM406.6 278.6l-103.1 103.1c-12.5 12.5-32.75 12.5-45.25 0s-12.5-32.75 0-45.25L306.8 288H128C110.3 288 96 273.7 96 256s14.31-32 32-32h178.8l-49.38-49.38c-12.5-12.5-12.5-32.75 0-45.25s32.75-12.5 45.25 0l103.1 103.1C414.6 241.3 416 251.1 416 256C416 260.9 414.6 270.7 406.6 278.6z\"><\/path><\/svg><\/span><span class=\"uagb-icon-list__label\">Proporcionar <strong>forma\u00e7\u00e3o pedag\u00f3gica e did\u00e1tica aos docentes<\/strong>, em formato presencial e online, assegurando apoio t\u00e9cnico e acompanhamento cont\u00ednuo \u00e0 pr\u00e1tica letiva.<\/span><\/div>\n\n\n\n<div class=\"wp-block-uagb-icon-list-child uagb-block-c08ae996\"><span class=\"uagb-icon-list__source-wrap\"><svg xmlns=\"https:\/\/www.w3.org\/2000\/svg\" viewBox=\"0 0 512 512\"><path d=\"M256 0C114.6 0 0 114.6 0 256c0 141.4 114.6 256 256 256s256-114.6 256-256C512 114.6 397.4 0 256 0zM406.6 278.6l-103.1 103.1c-12.5 12.5-32.75 12.5-45.25 0s-12.5-32.75 0-45.25L306.8 288H128C110.3 288 96 273.7 96 256s14.31-32 32-32h178.8l-49.38-49.38c-12.5-12.5-12.5-32.75 0-45.25s32.75-12.5 45.25 0l103.1 103.1C414.6 241.3 416 251.1 416 256C416 260.9 414.6 270.7 406.6 278.6z\"><\/path><\/svg><\/span><span class=\"uagb-icon-list__label\">Realizar <strong>a\u00e7\u00f5es de forma\u00e7\u00e3o<\/strong> presenciais em pelo menos sete regi\u00f5es do pa\u00eds e garantir a forma\u00e7\u00e3o inicial de novos docentes.<\/span><\/div>\n\n\n\n<div class=\"wp-block-uagb-icon-list-child uagb-block-5472c205\"><span class=\"uagb-icon-list__source-wrap\"><svg xmlns=\"https:\/\/www.w3.org\/2000\/svg\" viewBox=\"0 0 512 512\"><path d=\"M256 0C114.6 0 0 114.6 0 256c0 141.4 114.6 256 256 256s256-114.6 256-256C512 114.6 397.4 0 256 0zM406.6 278.6l-103.1 103.1c-12.5 12.5-32.75 12.5-45.25 0s-12.5-32.75 0-45.25L306.8 288H128C110.3 288 96 273.7 96 256s14.31-32 32-32h178.8l-49.38-49.38c-12.5-12.5-12.5-32.75 0-45.25s32.75-12.5 45.25 0l103.1 103.1C414.6 241.3 416 251.1 416 256C416 260.9 414.6 270.7 406.6 278.6z\"><\/path><\/svg><\/span><span class=\"uagb-icon-list__label\">Dinamizar <strong>forma\u00e7\u00f5es online<\/strong> ao longo do ano letivo, complementadas pelo curso pedag\u00f3gico- did\u00e1tico no \u00ab<strong>Te\u00f3filos<\/strong>\u00bb.<\/span><\/div>\n\n\n\n<div class=\"wp-block-uagb-icon-list-child uagb-block-c083332d\"><span class=\"uagb-icon-list__source-wrap\"><svg xmlns=\"https:\/\/www.w3.org\/2000\/svg\" viewBox=\"0 0 512 512\"><path d=\"M256 0C114.6 0 0 114.6 0 256c0 141.4 114.6 256 256 256s256-114.6 256-256C512 114.6 397.4 0 256 0zM406.6 278.6l-103.1 103.1c-12.5 12.5-32.75 12.5-45.25 0s-12.5-32.75 0-45.25L306.8 288H128C110.3 288 96 273.7 96 256s14.31-32 32-32h178.8l-49.38-49.38c-12.5-12.5-12.5-32.75 0-45.25s32.75-12.5 45.25 0l103.1 103.1C414.6 241.3 416 251.1 416 256C416 260.9 414.6 270.7 406.6 278.6z\"><\/path><\/svg><\/span><span class=\"uagb-icon-list__label\">Manter os onze <strong>Grupos de Conex\u00e3o<\/strong> dos docentes distribu\u00eddos regionalmente, o que facilita a comunica\u00e7\u00e3o entre docentes e a coordena\u00e7\u00e3o, transmite orienta\u00e7\u00f5es e promove a partilha pedag\u00f3gica e a inter-ajuda, bem como de motivos de ora\u00e7\u00e3o.<\/span><\/div>\n\n\n\n<div class=\"wp-block-uagb-icon-list-child uagb-block-e3f46944\"><span class=\"uagb-icon-list__source-wrap\"><svg xmlns=\"https:\/\/www.w3.org\/2000\/svg\" viewBox=\"0 0 512 512\"><path d=\"M256 0C114.6 0 0 114.6 0 256c0 141.4 114.6 256 256 256s256-114.6 256-256C512 114.6 397.4 0 256 0zM406.6 278.6l-103.1 103.1c-12.5 12.5-32.75 12.5-45.25 0s-12.5-32.75 0-45.25L306.8 288H128C110.3 288 96 273.7 96 256s14.31-32 32-32h178.8l-49.38-49.38c-12.5-12.5-12.5-32.75 0-45.25s32.75-12.5 45.25 0l103.1 103.1C414.6 241.3 416 251.1 416 256C416 260.9 414.6 270.7 406.6 278.6z\"><\/path><\/svg><\/span><span class=\"uagb-icon-list__label\">Incentivar o uso do <strong>manual digital <\/strong>como ferramenta de aprendizagem e supervis\u00e3o, atrav\u00e9s de grupos de conex\u00e3o entre docentes e alunos, recorrendo a e-mail e outras plataformas digitais.<\/span><\/div>\n\n\n\n<div class=\"wp-block-uagb-icon-list-child uagb-block-d078e228\"><span class=\"uagb-icon-list__source-wrap\"><svg xmlns=\"https:\/\/www.w3.org\/2000\/svg\" viewBox=\"0 0 512 512\"><path d=\"M256 0C114.6 0 0 114.6 0 256c0 141.4 114.6 256 256 256s256-114.6 256-256C512 114.6 397.4 0 256 0zM406.6 278.6l-103.1 103.1c-12.5 12.5-32.75 12.5-45.25 0s-12.5-32.75 0-45.25L306.8 288H128C110.3 288 96 273.7 96 256s14.31-32 32-32h178.8l-49.38-49.38c-12.5-12.5-12.5-32.75 0-45.25s32.75-12.5 45.25 0l103.1 103.1C414.6 241.3 416 251.1 416 256C416 260.9 414.6 270.7 406.6 278.6z\"><\/path><\/svg><\/span><span class=\"uagb-icon-list__label\">Desenvolver continuamente a <strong>plataforma de recursos did\u00e1ticos<\/strong> da <strong>COMACEP<\/strong>, reunindo documentos e conte\u00fados multim\u00e9dia essenciais ao ensino.<\/span><\/div>\n\n\n\n<div class=\"wp-block-uagb-icon-list-child uagb-block-1518ca57\"><span class=\"uagb-icon-list__source-wrap\"><svg xmlns=\"https:\/\/www.w3.org\/2000\/svg\" viewBox=\"0 0 512 512\"><path d=\"M256 0C114.6 0 0 114.6 0 256c0 141.4 114.6 256 256 256s256-114.6 256-256C512 114.6 397.4 0 256 0zM406.6 278.6l-103.1 103.1c-12.5 12.5-32.75 12.5-45.25 0s-12.5-32.75 0-45.25L306.8 288H128C110.3 288 96 273.7 96 256s14.31-32 32-32h178.8l-49.38-49.38c-12.5-12.5-12.5-32.75 0-45.25s32.75-12.5 45.25 0l103.1 103.1C414.6 241.3 416 251.1 416 256C416 260.9 414.6 270.7 406.6 278.6z\"><\/path><\/svg><\/span><span class=\"uagb-icon-list__label\">Prosseguir a impress\u00e3o dos manuais do 1.\u00ba Ciclo (Volume I e II) e a reestrutura\u00e7\u00e3o dos manuais digitais dos ciclos seguintes, incluindo o <strong>Manual Escolar do Aluno<\/strong> edit\u00e1vel.<\/span><\/div>\n\n\n\n<div class=\"wp-block-uagb-icon-list-child uagb-block-9dd2db39\"><span class=\"uagb-icon-list__source-wrap\"><svg xmlns=\"https:\/\/www.w3.org\/2000\/svg\" viewBox=\"0 0 512 512\"><path d=\"M256 0C114.6 0 0 114.6 0 256c0 141.4 114.6 256 256 256s256-114.6 256-256C512 114.6 397.4 0 256 0zM406.6 278.6l-103.1 103.1c-12.5 12.5-32.75 12.5-45.25 0s-12.5-32.75 0-45.25L306.8 288H128C110.3 288 96 273.7 96 256s14.31-32 32-32h178.8l-49.38-49.38c-12.5-12.5-12.5-32.75 0-45.25s32.75-12.5 45.25 0l103.1 103.1C414.6 241.3 416 251.1 416 256C416 260.9 414.6 270.7 406.6 278.6z\"><\/path><\/svg><\/span><span class=\"uagb-icon-list__label\">Dar continuidade ao projeto \u00ab<strong>F\u00e9rias Alternativas<\/strong>\u00bb, proporcionando experi\u00eancias de f\u00e9 transformadoras atrav\u00e9s de acampamentos b\u00edblicos nas pausas letivas.<\/span><\/div>\n<\/div><\/div>\n\n\n\n<div style=\"height:100px\" aria-hidden=\"true\" class=\"wp-block-spacer\"><\/div>\n","protected":false},"excerpt":{"rendered":"<p>Ensino, EMRE, CBE, Forma\u00e7\u00e3o, Apoio, Manuais, Recursos, &#8230; Objetivos<\/p>\n","protected":false},"author":3,"featured_media":15131,"parent":0,"menu_order":0,"comment_status":"closed","ping_status":"closed","template":"","meta":{"_uag_custom_page_level_css":"","_themeisle_gutenberg_block_has_review":false,"_vp_format_video_url":"","_vp_image_focal_point":[],"footnotes":""},"class_list":["post-23845","page","type-page","status-publish","has-post-thumbnail","hentry"],"yoast_head":"<!-- This site is optimized with the Yoast SEO plugin v27.5 - https:\/\/yoast.com\/product\/yoast-seo-wordpress\/ -->\n<title>GABINETE COMACEP - AEP<\/title>\n<meta name=\"robots\" content=\"index, follow, max-snippet:-1, max-image-preview:large, max-video-preview:-1\" \/>\n<link rel=\"canonical\" href=\"https:\/\/aliancaevangelica.pt\/site\/gab-comacep\/\" \/>\n<meta property=\"og:locale\" content=\"pt_PT\" \/>\n<meta property=\"og:type\" content=\"article\" \/>\n<meta property=\"og:title\" content=\"GABINETE COMACEP - AEP\" \/>\n<meta property=\"og:description\" content=\"Ensino, EMRE, CBE, Forma\u00e7\u00e3o, Apoio, Manuais, Recursos, &#8230; Objetivos\" \/>\n<meta property=\"og:url\" content=\"https:\/\/aliancaevangelica.pt\/site\/gab-comacep\/\" \/>\n<meta property=\"og:site_name\" content=\"AEP\" \/>\n<meta property=\"article:publisher\" content=\"http:\/\/facebook.com\/aeportuguesa\" \/>\n<meta property=\"article:modified_time\" content=\"2026-04-28T20:05:34+00:00\" \/>\n<meta property=\"og:image\" content=\"https:\/\/aliancaevangelica.pt\/site\/wp-content\/uploads\/2017\/06\/gabinetes.jpg\" \/>\n\t<meta property=\"og:image:width\" content=\"4388\" \/>\n\t<meta property=\"og:image:height\" content=\"2078\" \/>\n\t<meta property=\"og:image:type\" content=\"image\/jpeg\" \/>\n<meta name=\"twitter:card\" content=\"summary_large_image\" \/>\n<meta name=\"twitter:label1\" content=\"Tempo estimado de leitura\" \/>\n\t<meta name=\"twitter:data1\" content=\"2 minutos\" \/>\n<script type=\"application\/ld+json\" class=\"yoast-schema-graph\">{\"@context\":\"https:\\\/\\\/schema.org\",\"@graph\":[{\"@type\":\"WebPage\",\"@id\":\"https:\\\/\\\/aliancaevangelica.pt\\\/site\\\/gab-comacep\\\/\",\"url\":\"https:\\\/\\\/aliancaevangelica.pt\\\/site\\\/gab-comacep\\\/\",\"name\":\"GABINETE COMACEP - AEP\",\"isPartOf\":{\"@id\":\"https:\\\/\\\/aliancaevangelica.pt\\\/site\\\/#website\"},\"primaryImageOfPage\":{\"@id\":\"https:\\\/\\\/aliancaevangelica.pt\\\/site\\\/gab-comacep\\\/#primaryimage\"},\"image\":{\"@id\":\"https:\\\/\\\/aliancaevangelica.pt\\\/site\\\/gab-comacep\\\/#primaryimage\"},\"thumbnailUrl\":\"https:\\\/\\\/aliancaevangelica.pt\\\/site\\\/wp-content\\\/uploads\\\/2017\\\/06\\\/gabinetes.jpg\",\"datePublished\":\"2026-04-28T18:37:51+00:00\",\"dateModified\":\"2026-04-28T20:05:34+00:00\",\"breadcrumb\":{\"@id\":\"https:\\\/\\\/aliancaevangelica.pt\\\/site\\\/gab-comacep\\\/#breadcrumb\"},\"inLanguage\":\"pt-PT\",\"potentialAction\":[{\"@type\":\"ReadAction\",\"target\":[\"https:\\\/\\\/aliancaevangelica.pt\\\/site\\\/gab-comacep\\\/\"]}]},{\"@type\":\"ImageObject\",\"inLanguage\":\"pt-PT\",\"@id\":\"https:\\\/\\\/aliancaevangelica.pt\\\/site\\\/gab-comacep\\\/#primaryimage\",\"url\":\"https:\\\/\\\/aliancaevangelica.pt\\\/site\\\/wp-content\\\/uploads\\\/2017\\\/06\\\/gabinetes.jpg\",\"contentUrl\":\"https:\\\/\\\/aliancaevangelica.pt\\\/site\\\/wp-content\\\/uploads\\\/2017\\\/06\\\/gabinetes.jpg\",\"width\":4388,\"height\":2078,\"caption\":\"Ouvidor Geral do Estado, Marcos Can\u00e1rio, em palestra durante a reuni\u00e3o. Foto: Francisco Campos\\\/Secom\"},{\"@type\":\"BreadcrumbList\",\"@id\":\"https:\\\/\\\/aliancaevangelica.pt\\\/site\\\/gab-comacep\\\/#breadcrumb\",\"itemListElement\":[{\"@type\":\"ListItem\",\"position\":1,\"name\":\"In\u00edcio\",\"item\":\"https:\\\/\\\/aliancaevangelica.pt\\\/site\\\/\"},{\"@type\":\"ListItem\",\"position\":2,\"name\":\"GABINETE COMACEP\"}]},{\"@type\":\"WebSite\",\"@id\":\"https:\\\/\\\/aliancaevangelica.pt\\\/site\\\/#website\",\"url\":\"https:\\\/\\\/aliancaevangelica.pt\\\/site\\\/\",\"name\":\"Alian\u00e7a Evang\u00e9lica Portuguesa\",\"description\":\"Alian\u00e7a Evang\u00e9lica Portuguesa\",\"publisher\":{\"@id\":\"https:\\\/\\\/aliancaevangelica.pt\\\/site\\\/#organization\"},\"potentialAction\":[{\"@type\":\"SearchAction\",\"target\":{\"@type\":\"EntryPoint\",\"urlTemplate\":\"https:\\\/\\\/aliancaevangelica.pt\\\/site\\\/?s={search_term_string}\"},\"query-input\":{\"@type\":\"PropertyValueSpecification\",\"valueRequired\":true,\"valueName\":\"search_term_string\"}}],\"inLanguage\":\"pt-PT\"},{\"@type\":\"Organization\",\"@id\":\"https:\\\/\\\/aliancaevangelica.pt\\\/site\\\/#organization\",\"name\":\"Alian\u00e7a Evang\u00e9lica Portuguesa\",\"url\":\"https:\\\/\\\/aliancaevangelica.pt\\\/site\\\/\",\"logo\":{\"@type\":\"ImageObject\",\"inLanguage\":\"pt-PT\",\"@id\":\"https:\\\/\\\/aliancaevangelica.pt\\\/site\\\/#\\\/schema\\\/logo\\\/image\\\/\",\"url\":\"https:\\\/\\\/aliancaevangelica.pt\\\/site\\\/wp-content\\\/uploads\\\/2017\\\/11\\\/logo-AEP-cor.png\",\"contentUrl\":\"https:\\\/\\\/aliancaevangelica.pt\\\/site\\\/wp-content\\\/uploads\\\/2017\\\/11\\\/logo-AEP-cor.png\",\"width\":1156,\"height\":672,\"caption\":\"Alian\u00e7a Evang\u00e9lica Portuguesa\"},\"image\":{\"@id\":\"https:\\\/\\\/aliancaevangelica.pt\\\/site\\\/#\\\/schema\\\/logo\\\/image\\\/\"},\"sameAs\":[\"http:\\\/\\\/facebook.com\\\/aeportuguesa\",\"http:\\\/\\\/instagram.com\\\/aliancaep\",\"http:\\\/\\\/youtube.com\\\/aeportuguesa\"]}]}<\/script>\n<!-- \/ Yoast SEO plugin. -->","yoast_head_json":{"title":"GABINETE COMACEP - AEP","robots":{"index":"index","follow":"follow","max-snippet":"max-snippet:-1","max-image-preview":"max-image-preview:large","max-video-preview":"max-video-preview:-1"},"canonical":"https:\/\/aliancaevangelica.pt\/site\/gab-comacep\/","og_locale":"pt_PT","og_type":"article","og_title":"GABINETE COMACEP - AEP","og_description":"Ensino, EMRE, CBE, Forma\u00e7\u00e3o, Apoio, Manuais, Recursos, &#8230; Objetivos","og_url":"https:\/\/aliancaevangelica.pt\/site\/gab-comacep\/","og_site_name":"AEP","article_publisher":"http:\/\/facebook.com\/aeportuguesa","article_modified_time":"2026-04-28T20:05:34+00:00","og_image":[{"width":4388,"height":2078,"url":"https:\/\/aliancaevangelica.pt\/site\/wp-content\/uploads\/2017\/06\/gabinetes.jpg","type":"image\/jpeg"}],"twitter_card":"summary_large_image","twitter_misc":{"Tempo estimado de leitura":"2 minutos"},"schema":{"@context":"https:\/\/schema.org","@graph":[{"@type":"WebPage","@id":"https:\/\/aliancaevangelica.pt\/site\/gab-comacep\/","url":"https:\/\/aliancaevangelica.pt\/site\/gab-comacep\/","name":"GABINETE COMACEP - AEP","isPartOf":{"@id":"https:\/\/aliancaevangelica.pt\/site\/#website"},"primaryImageOfPage":{"@id":"https:\/\/aliancaevangelica.pt\/site\/gab-comacep\/#primaryimage"},"image":{"@id":"https:\/\/aliancaevangelica.pt\/site\/gab-comacep\/#primaryimage"},"thumbnailUrl":"https:\/\/aliancaevangelica.pt\/site\/wp-content\/uploads\/2017\/06\/gabinetes.jpg","datePublished":"2026-04-28T18:37:51+00:00","dateModified":"2026-04-28T20:05:34+00:00","breadcrumb":{"@id":"https:\/\/aliancaevangelica.pt\/site\/gab-comacep\/#breadcrumb"},"inLanguage":"pt-PT","potentialAction":[{"@type":"ReadAction","target":["https:\/\/aliancaevangelica.pt\/site\/gab-comacep\/"]}]},{"@type":"ImageObject","inLanguage":"pt-PT","@id":"https:\/\/aliancaevangelica.pt\/site\/gab-comacep\/#primaryimage","url":"https:\/\/aliancaevangelica.pt\/site\/wp-content\/uploads\/2017\/06\/gabinetes.jpg","contentUrl":"https:\/\/aliancaevangelica.pt\/site\/wp-content\/uploads\/2017\/06\/gabinetes.jpg","width":4388,"height":2078,"caption":"Ouvidor Geral do Estado, Marcos Can\u00e1rio, em palestra durante a reuni\u00e3o. Foto: Francisco Campos\/Secom"},{"@type":"BreadcrumbList","@id":"https:\/\/aliancaevangelica.pt\/site\/gab-comacep\/#breadcrumb","itemListElement":[{"@type":"ListItem","position":1,"name":"In\u00edcio","item":"https:\/\/aliancaevangelica.pt\/site\/"},{"@type":"ListItem","position":2,"name":"GABINETE COMACEP"}]},{"@type":"WebSite","@id":"https:\/\/aliancaevangelica.pt\/site\/#website","url":"https:\/\/aliancaevangelica.pt\/site\/","name":"Alian\u00e7a Evang\u00e9lica Portuguesa","description":"Alian\u00e7a Evang\u00e9lica Portuguesa","publisher":{"@id":"https:\/\/aliancaevangelica.pt\/site\/#organization"},"potentialAction":[{"@type":"SearchAction","target":{"@type":"EntryPoint","urlTemplate":"https:\/\/aliancaevangelica.pt\/site\/?s={search_term_string}"},"query-input":{"@type":"PropertyValueSpecification","valueRequired":true,"valueName":"search_term_string"}}],"inLanguage":"pt-PT"},{"@type":"Organization","@id":"https:\/\/aliancaevangelica.pt\/site\/#organization","name":"Alian\u00e7a Evang\u00e9lica Portuguesa","url":"https:\/\/aliancaevangelica.pt\/site\/","logo":{"@type":"ImageObject","inLanguage":"pt-PT","@id":"https:\/\/aliancaevangelica.pt\/site\/#\/schema\/logo\/image\/","url":"https:\/\/aliancaevangelica.pt\/site\/wp-content\/uploads\/2017\/11\/logo-AEP-cor.png","contentUrl":"https:\/\/aliancaevangelica.pt\/site\/wp-content\/uploads\/2017\/11\/logo-AEP-cor.png","width":1156,"height":672,"caption":"Alian\u00e7a Evang\u00e9lica Portuguesa"},"image":{"@id":"https:\/\/aliancaevangelica.pt\/site\/#\/schema\/logo\/image\/"},"sameAs":["http:\/\/facebook.com\/aeportuguesa","http:\/\/instagram.com\/aliancaep","http:\/\/youtube.com\/aeportuguesa"]}]}},"uagb_featured_image_src":{"full":["https:\/\/aliancaevangelica.pt\/site\/wp-content\/uploads\/2017\/06\/gabinetes.jpg",4388,2078,false],"thumbnail":["https:\/\/aliancaevangelica.pt\/site\/wp-content\/uploads\/2017\/06\/gabinetes-150x150.jpg",150,150,true],"medium":["https:\/\/aliancaevangelica.pt\/site\/wp-content\/uploads\/2017\/06\/gabinetes-300x142.jpg",300,142,true],"medium_large":["https:\/\/aliancaevangelica.pt\/site\/wp-content\/uploads\/2017\/06\/gabinetes-768x364.jpg",768,364,true],"large":["https:\/\/aliancaevangelica.pt\/site\/wp-content\/uploads\/2017\/06\/gabinetes-1024x485.jpg",960,455,true],"1536x1536":["https:\/\/aliancaevangelica.pt\/site\/wp-content\/uploads\/2017\/06\/gabinetes.jpg",1536,727,false],"2048x2048":["https:\/\/aliancaevangelica.pt\/site\/wp-content\/uploads\/2017\/06\/gabinetes.jpg",2048,970,false],"vp_sm":["https:\/\/aliancaevangelica.pt\/site\/wp-content\/uploads\/2017\/06\/gabinetes.jpg",500,237,false],"vp_md":["https:\/\/aliancaevangelica.pt\/site\/wp-content\/uploads\/2017\/06\/gabinetes.jpg",800,379,false],"vp_lg":["https:\/\/aliancaevangelica.pt\/site\/wp-content\/uploads\/2017\/06\/gabinetes.jpg",1280,606,false],"vp_xl":["https:\/\/aliancaevangelica.pt\/site\/wp-content\/uploads\/2017\/06\/gabinetes.jpg",1920,909,false],"vp_sm_popup":["https:\/\/aliancaevangelica.pt\/site\/wp-content\/uploads\/2017\/06\/gabinetes.jpg",500,237,false],"vp_md_popup":["https:\/\/aliancaevangelica.pt\/site\/wp-content\/uploads\/2017\/06\/gabinetes.jpg",800,379,false],"vp_xl_popup":["https:\/\/aliancaevangelica.pt\/site\/wp-content\/uploads\/2017\/06\/gabinetes.jpg",1920,909,false],"newsx-150x100":["https:\/\/aliancaevangelica.pt\/site\/wp-content\/uploads\/2017\/06\/gabinetes.jpg",150,71,false],"newsx-330x220":["https:\/\/aliancaevangelica.pt\/site\/wp-content\/uploads\/2017\/06\/gabinetes.jpg",330,156,false],"newsx-420x280":["https:\/\/aliancaevangelica.pt\/site\/wp-content\/uploads\/2017\/06\/gabinetes.jpg",420,199,false],"newsx-510x340":["https:\/\/aliancaevangelica.pt\/site\/wp-content\/uploads\/2017\/06\/gabinetes.jpg",510,242,false],"newsx-640x480":["https:\/\/aliancaevangelica.pt\/site\/wp-content\/uploads\/2017\/06\/gabinetes.jpg",640,303,false],"newsx-670x370":["https:\/\/aliancaevangelica.pt\/site\/wp-content\/uploads\/2017\/06\/gabinetes.jpg",670,317,false],"newsx-860x570":["https:\/\/aliancaevangelica.pt\/site\/wp-content\/uploads\/2017\/06\/gabinetes.jpg",860,407,false],"newsx-1000x750":["https:\/\/aliancaevangelica.pt\/site\/wp-content\/uploads\/2017\/06\/gabinetes.jpg",1000,474,false],"newsx-1200x600":["https:\/\/aliancaevangelica.pt\/site\/wp-content\/uploads\/2017\/06\/gabinetes.jpg",1200,568,false]},"uagb_author_info":{"display_name":"AEP","author_link":"https:\/\/aliancaevangelica.pt\/site\/author\/wpadmaep\/"},"uagb_comment_info":0,"uagb_excerpt":"Ensino, EMRE, CBE, Forma\u00e7\u00e3o, Apoio, Manuais, Recursos, &#8230; Objetivos","_links":{"self":[{"href":"https:\/\/aliancaevangelica.pt\/site\/wp-json\/wp\/v2\/pages\/23845","targetHints":{"allow":["GET"]}}],"collection":[{"href":"https:\/\/aliancaevangelica.pt\/site\/wp-json\/wp\/v2\/pages"}],"about":[{"href":"https:\/\/aliancaevangelica.pt\/site\/wp-json\/wp\/v2\/types\/page"}],"author":[{"embeddable":true,"href":"https:\/\/aliancaevangelica.pt\/site\/wp-json\/wp\/v2\/users\/3"}],"replies":[{"embeddable":true,"href":"https:\/\/aliancaevangelica.pt\/site\/wp-json\/wp\/v2\/comments?post=23845"}],"version-history":[{"count":5,"href":"https:\/\/aliancaevangelica.pt\/site\/wp-json\/wp\/v2\/pages\/23845\/revisions"}],"predecessor-version":[{"id":23862,"href":"https:\/\/aliancaevangelica.pt\/site\/wp-json\/wp\/v2\/pages\/23845\/revisions\/23862"}],"wp:featuredmedia":[{"embeddable":true,"href":"https:\/\/aliancaevangelica.pt\/site\/wp-json\/wp\/v2\/media\/15131"}],"wp:attachment":[{"href":"https:\/\/aliancaevangelica.pt\/site\/wp-json\/wp\/v2\/media?parent=23845"}],"curies":[{"name":"wp","href":"https:\/\/api.w.org\/{rel}","templated":true}]}}