{"id":23820,"date":"2026-04-28T17:52:18","date_gmt":"2026-04-28T17:52:18","guid":{"rendered":"https:\/\/aliancaevangelica.pt\/site\/?page_id=23820"},"modified":"2026-04-28T20:05:58","modified_gmt":"2026-04-28T20:05:58","slug":"gab-comunicacao","status":"publish","type":"page","link":"https:\/\/aliancaevangelica.pt\/site\/gab-comunicacao\/","title":{"rendered":"GABINETE DE COMUNICA\u00c7\u00c3O"},"content":{"rendered":"\n<h2 class=\"wp-block-heading\">Programas de TV, R\u00e1dio, Tomadas de Posi\u00e7\u00e3o, Recursos<\/h2>\n\n\n\n<div style=\"height:10px\" aria-hidden=\"true\" class=\"wp-block-spacer\"><\/div>\n\n\n\n<h3 class=\"wp-block-heading\"><strong>Objetivos<\/strong><\/h3>\n\n\n\n<div class=\"wp-block-uagb-icon-list uagb-block-2deffbab\"><div class=\"uagb-icon-list__wrap\">\n<div class=\"wp-block-uagb-icon-list-child uagb-block-8766f1bb\"><span class=\"uagb-icon-list__source-wrap\"><svg xmlns=\"https:\/\/www.w3.org\/2000\/svg\" viewBox=\"0 0 512 512\"><path d=\"M256 0C114.6 0 0 114.6 0 256c0 141.4 114.6 256 256 256s256-114.6 256-256C512 114.6 397.4 0 256 0zM406.6 278.6l-103.1 103.1c-12.5 12.5-32.75 12.5-45.25 0s-12.5-32.75 0-45.25L306.8 288H128C110.3 288 96 273.7 96 256s14.31-32 32-32h178.8l-49.38-49.38c-12.5-12.5-12.5-32.75 0-45.25s32.75-12.5 45.25 0l103.1 103.1C414.6 241.3 416 251.1 416 256C416 260.9 414.6 270.7 406.6 278.6z\"><\/path><\/svg><\/span><span class=\"uagb-icon-list__label\">Coordenar, preparar e produzir programas de televis\u00e3o na <strong>RTP2 <\/strong>e de r\u00e1dio na <strong>Antena 1<\/strong>, apostando em conte\u00fados evangel\u00edsticos e que permitam dar a conhecer a f\u00e9 e identidade evang\u00e9licas.<br>&#8211; Entre os diversos formatos, incluem-se, entre outros, reportagens, programas musicais, entrevistas e conte\u00fados para crian\u00e7as como \u00ab<strong>Super-Hist\u00f3rias da B\u00edblia<\/strong>\u00bb.<br>&#8211; Para tal, sob responsabilidade da coordenadora, conta-se a colabora\u00e7\u00e3o e envolvimento pontual de diferentes membros individuais e representantes dos membros coletivos da <strong>AEP<\/strong>, bem como da <strong>RTM Portugal<\/strong> quanto aos programas de r\u00e1dio.<\/span><\/div>\n\n\n\n<div class=\"wp-block-uagb-icon-list-child uagb-block-ec3c100e\"><span class=\"uagb-icon-list__source-wrap\"><svg xmlns=\"https:\/\/www.w3.org\/2000\/svg\" viewBox=\"0 0 512 512\"><path d=\"M256 0C114.6 0 0 114.6 0 256c0 141.4 114.6 256 256 256s256-114.6 256-256C512 114.6 397.4 0 256 0zM406.6 278.6l-103.1 103.1c-12.5 12.5-32.75 12.5-45.25 0s-12.5-32.75 0-45.25L306.8 288H128C110.3 288 96 273.7 96 256s14.31-32 32-32h178.8l-49.38-49.38c-12.5-12.5-12.5-32.75 0-45.25s32.75-12.5 45.25 0l103.1 103.1C414.6 241.3 416 251.1 416 256C416 260.9 414.6 270.7 406.6 278.6z\"><\/path><\/svg><\/span><span class=\"uagb-icon-list__label\">Manter a participa\u00e7\u00e3o ativa e colaborante na <strong>Comiss\u00e3o do Tempo de Emiss\u00e3o das Confiss\u00f5es Religiosas<\/strong><\/span><\/div>\n\n\n\n<div class=\"wp-block-uagb-icon-list-child uagb-block-1e75dd5f\"><span class=\"uagb-icon-list__source-wrap\"><svg xmlns=\"https:\/\/www.w3.org\/2000\/svg\" viewBox=\"0 0 512 512\"><path d=\"M256 0C114.6 0 0 114.6 0 256c0 141.4 114.6 256 256 256s256-114.6 256-256C512 114.6 397.4 0 256 0zM406.6 278.6l-103.1 103.1c-12.5 12.5-32.75 12.5-45.25 0s-12.5-32.75 0-45.25L306.8 288H128C110.3 288 96 273.7 96 256s14.31-32 32-32h178.8l-49.38-49.38c-12.5-12.5-12.5-32.75 0-45.25s32.75-12.5 45.25 0l103.1 103.1C414.6 241.3 416 251.1 416 256C416 260.9 414.6 270.7 406.6 278.6z\"><\/path><\/svg><\/span><span class=\"uagb-icon-list__label\">Desenvolver a presen\u00e7a ativa nas <strong>redes sociais<\/strong> (Facebook e Instagram) e as atualiza\u00e7\u00f5es constantes no website https:\/\/aliancaevangelica.pt<\/span><\/div>\n\n\n\n<div class=\"wp-block-uagb-icon-list-child uagb-block-d9ac59d9\"><span class=\"uagb-icon-list__source-wrap\"><svg xmlns=\"https:\/\/www.w3.org\/2000\/svg\" viewBox=\"0 0 512 512\"><path d=\"M256 0C114.6 0 0 114.6 0 256c0 141.4 114.6 256 256 256s256-114.6 256-256C512 114.6 397.4 0 256 0zM406.6 278.6l-103.1 103.1c-12.5 12.5-32.75 12.5-45.25 0s-12.5-32.75 0-45.25L306.8 288H128C110.3 288 96 273.7 96 256s14.31-32 32-32h178.8l-49.38-49.38c-12.5-12.5-12.5-32.75 0-45.25s32.75-12.5 45.25 0l103.1 103.1C414.6 241.3 416 251.1 416 256C416 260.9 414.6 270.7 406.6 278.6z\"><\/path><\/svg><\/span><span class=\"uagb-icon-list__label\">Alterar o formato do website institucional da <strong>AEP<\/strong>, nomeadamente no que diz respeito \u00e0 <strong>pesquisa de igrejas filiadas<\/strong>, articulando este processo com a equipa administrativa e de secretariado<\/span><\/div>\n\n\n\n<div class=\"wp-block-uagb-icon-list-child uagb-block-c08ae996\"><span class=\"uagb-icon-list__source-wrap\"><svg xmlns=\"https:\/\/www.w3.org\/2000\/svg\" viewBox=\"0 0 512 512\"><path d=\"M256 0C114.6 0 0 114.6 0 256c0 141.4 114.6 256 256 256s256-114.6 256-256C512 114.6 397.4 0 256 0zM406.6 278.6l-103.1 103.1c-12.5 12.5-32.75 12.5-45.25 0s-12.5-32.75 0-45.25L306.8 288H128C110.3 288 96 273.7 96 256s14.31-32 32-32h178.8l-49.38-49.38c-12.5-12.5-12.5-32.75 0-45.25s32.75-12.5 45.25 0l103.1 103.1C414.6 241.3 416 251.1 416 256C416 260.9 414.6 270.7 406.6 278.6z\"><\/path><\/svg><\/span><span class=\"uagb-icon-list__label\">Melhorar a comunica\u00e7\u00e3o tanto com os membros (a n\u00edvel interno) como com potenciais novos membros, criando uma campanha que mostre a import\u00e2ncia da <strong>AEP <\/strong>e como tornar-se membro<\/span><\/div>\n\n\n\n<div class=\"wp-block-uagb-icon-list-child uagb-block-5472c205\"><span class=\"uagb-icon-list__source-wrap\"><svg xmlns=\"https:\/\/www.w3.org\/2000\/svg\" viewBox=\"0 0 512 512\"><path d=\"M256 0C114.6 0 0 114.6 0 256c0 141.4 114.6 256 256 256s256-114.6 256-256C512 114.6 397.4 0 256 0zM406.6 278.6l-103.1 103.1c-12.5 12.5-32.75 12.5-45.25 0s-12.5-32.75 0-45.25L306.8 288H128C110.3 288 96 273.7 96 256s14.31-32 32-32h178.8l-49.38-49.38c-12.5-12.5-12.5-32.75 0-45.25s32.75-12.5 45.25 0l103.1 103.1C414.6 241.3 416 251.1 416 256C416 260.9 414.6 270.7 406.6 278.6z\"><\/path><\/svg><\/span><span class=\"uagb-icon-list__label\">Apoiar os \u00f3rg\u00e3os, os gabinetes, as redes e os membros da <strong>AEP <\/strong>na divulga\u00e7\u00e3o de iniciativas e de temas relevantes para a concretiza\u00e7\u00e3o dos seus respetivos objetivos<\/span><\/div>\n<\/div><\/div>\n\n\n\n<div style=\"height:100px\" aria-hidden=\"true\" class=\"wp-block-spacer\"><\/div>\n","protected":false},"excerpt":{"rendered":"<p>Programas de TV, R\u00e1dio, Tomadas de Posi\u00e7\u00e3o, Recursos Objetivos<\/p>\n","protected":false},"author":3,"featured_media":15131,"parent":0,"menu_order":0,"comment_status":"closed","ping_status":"closed","template":"","meta":{"_uag_custom_page_level_css":"","_themeisle_gutenberg_block_has_review":false,"_vp_format_video_url":"","_vp_image_focal_point":[],"footnotes":""},"class_list":["post-23820","page","type-page","status-publish","has-post-thumbnail","hentry"],"yoast_head":"<!-- This site is optimized with the Yoast SEO plugin v27.5 - https:\/\/yoast.com\/product\/yoast-seo-wordpress\/ -->\n<title>GABINETE DE COMUNICA\u00c7\u00c3O - AEP<\/title>\n<meta name=\"robots\" content=\"index, follow, max-snippet:-1, max-image-preview:large, max-video-preview:-1\" \/>\n<link rel=\"canonical\" href=\"https:\/\/aliancaevangelica.pt\/site\/gab-comunicacao\/\" \/>\n<meta property=\"og:locale\" content=\"pt_PT\" \/>\n<meta property=\"og:type\" content=\"article\" \/>\n<meta property=\"og:title\" content=\"GABINETE DE COMUNICA\u00c7\u00c3O - AEP\" \/>\n<meta property=\"og:description\" content=\"Programas de TV, R\u00e1dio, Tomadas de Posi\u00e7\u00e3o, Recursos Objetivos\" \/>\n<meta property=\"og:url\" content=\"https:\/\/aliancaevangelica.pt\/site\/gab-comunicacao\/\" \/>\n<meta property=\"og:site_name\" content=\"AEP\" \/>\n<meta property=\"article:publisher\" content=\"http:\/\/facebook.com\/aeportuguesa\" \/>\n<meta property=\"article:modified_time\" content=\"2026-04-28T20:05:58+00:00\" \/>\n<meta property=\"og:image\" content=\"https:\/\/aliancaevangelica.pt\/site\/wp-content\/uploads\/2017\/06\/gabinetes.jpg\" \/>\n\t<meta property=\"og:image:width\" content=\"4388\" \/>\n\t<meta property=\"og:image:height\" content=\"2078\" \/>\n\t<meta property=\"og:image:type\" content=\"image\/jpeg\" \/>\n<meta name=\"twitter:card\" content=\"summary_large_image\" \/>\n<meta name=\"twitter:label1\" content=\"Tempo estimado de leitura\" \/>\n\t<meta name=\"twitter:data1\" content=\"2 minutos\" \/>\n<script type=\"application\/ld+json\" class=\"yoast-schema-graph\">{\"@context\":\"https:\\\/\\\/schema.org\",\"@graph\":[{\"@type\":\"WebPage\",\"@id\":\"https:\\\/\\\/aliancaevangelica.pt\\\/site\\\/gab-comunicacao\\\/\",\"url\":\"https:\\\/\\\/aliancaevangelica.pt\\\/site\\\/gab-comunicacao\\\/\",\"name\":\"GABINETE DE COMUNICA\u00c7\u00c3O - AEP\",\"isPartOf\":{\"@id\":\"https:\\\/\\\/aliancaevangelica.pt\\\/site\\\/#website\"},\"primaryImageOfPage\":{\"@id\":\"https:\\\/\\\/aliancaevangelica.pt\\\/site\\\/gab-comunicacao\\\/#primaryimage\"},\"image\":{\"@id\":\"https:\\\/\\\/aliancaevangelica.pt\\\/site\\\/gab-comunicacao\\\/#primaryimage\"},\"thumbnailUrl\":\"https:\\\/\\\/aliancaevangelica.pt\\\/site\\\/wp-content\\\/uploads\\\/2017\\\/06\\\/gabinetes.jpg\",\"datePublished\":\"2026-04-28T17:52:18+00:00\",\"dateModified\":\"2026-04-28T20:05:58+00:00\",\"breadcrumb\":{\"@id\":\"https:\\\/\\\/aliancaevangelica.pt\\\/site\\\/gab-comunicacao\\\/#breadcrumb\"},\"inLanguage\":\"pt-PT\",\"potentialAction\":[{\"@type\":\"ReadAction\",\"target\":[\"https:\\\/\\\/aliancaevangelica.pt\\\/site\\\/gab-comunicacao\\\/\"]}]},{\"@type\":\"ImageObject\",\"inLanguage\":\"pt-PT\",\"@id\":\"https:\\\/\\\/aliancaevangelica.pt\\\/site\\\/gab-comunicacao\\\/#primaryimage\",\"url\":\"https:\\\/\\\/aliancaevangelica.pt\\\/site\\\/wp-content\\\/uploads\\\/2017\\\/06\\\/gabinetes.jpg\",\"contentUrl\":\"https:\\\/\\\/aliancaevangelica.pt\\\/site\\\/wp-content\\\/uploads\\\/2017\\\/06\\\/gabinetes.jpg\",\"width\":4388,\"height\":2078,\"caption\":\"Ouvidor Geral do Estado, Marcos Can\u00e1rio, em palestra durante a reuni\u00e3o. Foto: Francisco Campos\\\/Secom\"},{\"@type\":\"BreadcrumbList\",\"@id\":\"https:\\\/\\\/aliancaevangelica.pt\\\/site\\\/gab-comunicacao\\\/#breadcrumb\",\"itemListElement\":[{\"@type\":\"ListItem\",\"position\":1,\"name\":\"In\u00edcio\",\"item\":\"https:\\\/\\\/aliancaevangelica.pt\\\/site\\\/\"},{\"@type\":\"ListItem\",\"position\":2,\"name\":\"GABINETE DE COMUNICA\u00c7\u00c3O\"}]},{\"@type\":\"WebSite\",\"@id\":\"https:\\\/\\\/aliancaevangelica.pt\\\/site\\\/#website\",\"url\":\"https:\\\/\\\/aliancaevangelica.pt\\\/site\\\/\",\"name\":\"Alian\u00e7a Evang\u00e9lica Portuguesa\",\"description\":\"Alian\u00e7a Evang\u00e9lica Portuguesa\",\"publisher\":{\"@id\":\"https:\\\/\\\/aliancaevangelica.pt\\\/site\\\/#organization\"},\"potentialAction\":[{\"@type\":\"SearchAction\",\"target\":{\"@type\":\"EntryPoint\",\"urlTemplate\":\"https:\\\/\\\/aliancaevangelica.pt\\\/site\\\/?s={search_term_string}\"},\"query-input\":{\"@type\":\"PropertyValueSpecification\",\"valueRequired\":true,\"valueName\":\"search_term_string\"}}],\"inLanguage\":\"pt-PT\"},{\"@type\":\"Organization\",\"@id\":\"https:\\\/\\\/aliancaevangelica.pt\\\/site\\\/#organization\",\"name\":\"Alian\u00e7a Evang\u00e9lica Portuguesa\",\"url\":\"https:\\\/\\\/aliancaevangelica.pt\\\/site\\\/\",\"logo\":{\"@type\":\"ImageObject\",\"inLanguage\":\"pt-PT\",\"@id\":\"https:\\\/\\\/aliancaevangelica.pt\\\/site\\\/#\\\/schema\\\/logo\\\/image\\\/\",\"url\":\"https:\\\/\\\/aliancaevangelica.pt\\\/site\\\/wp-content\\\/uploads\\\/2017\\\/11\\\/logo-AEP-cor.png\",\"contentUrl\":\"https:\\\/\\\/aliancaevangelica.pt\\\/site\\\/wp-content\\\/uploads\\\/2017\\\/11\\\/logo-AEP-cor.png\",\"width\":1156,\"height\":672,\"caption\":\"Alian\u00e7a Evang\u00e9lica Portuguesa\"},\"image\":{\"@id\":\"https:\\\/\\\/aliancaevangelica.pt\\\/site\\\/#\\\/schema\\\/logo\\\/image\\\/\"},\"sameAs\":[\"http:\\\/\\\/facebook.com\\\/aeportuguesa\",\"http:\\\/\\\/instagram.com\\\/aliancaep\",\"http:\\\/\\\/youtube.com\\\/aeportuguesa\"]}]}<\/script>\n<!-- \/ Yoast SEO plugin. -->","yoast_head_json":{"title":"GABINETE DE COMUNICA\u00c7\u00c3O - AEP","robots":{"index":"index","follow":"follow","max-snippet":"max-snippet:-1","max-image-preview":"max-image-preview:large","max-video-preview":"max-video-preview:-1"},"canonical":"https:\/\/aliancaevangelica.pt\/site\/gab-comunicacao\/","og_locale":"pt_PT","og_type":"article","og_title":"GABINETE DE COMUNICA\u00c7\u00c3O - AEP","og_description":"Programas de TV, R\u00e1dio, Tomadas de Posi\u00e7\u00e3o, Recursos Objetivos","og_url":"https:\/\/aliancaevangelica.pt\/site\/gab-comunicacao\/","og_site_name":"AEP","article_publisher":"http:\/\/facebook.com\/aeportuguesa","article_modified_time":"2026-04-28T20:05:58+00:00","og_image":[{"width":4388,"height":2078,"url":"https:\/\/aliancaevangelica.pt\/site\/wp-content\/uploads\/2017\/06\/gabinetes.jpg","type":"image\/jpeg"}],"twitter_card":"summary_large_image","twitter_misc":{"Tempo estimado de leitura":"2 minutos"},"schema":{"@context":"https:\/\/schema.org","@graph":[{"@type":"WebPage","@id":"https:\/\/aliancaevangelica.pt\/site\/gab-comunicacao\/","url":"https:\/\/aliancaevangelica.pt\/site\/gab-comunicacao\/","name":"GABINETE DE COMUNICA\u00c7\u00c3O - AEP","isPartOf":{"@id":"https:\/\/aliancaevangelica.pt\/site\/#website"},"primaryImageOfPage":{"@id":"https:\/\/aliancaevangelica.pt\/site\/gab-comunicacao\/#primaryimage"},"image":{"@id":"https:\/\/aliancaevangelica.pt\/site\/gab-comunicacao\/#primaryimage"},"thumbnailUrl":"https:\/\/aliancaevangelica.pt\/site\/wp-content\/uploads\/2017\/06\/gabinetes.jpg","datePublished":"2026-04-28T17:52:18+00:00","dateModified":"2026-04-28T20:05:58+00:00","breadcrumb":{"@id":"https:\/\/aliancaevangelica.pt\/site\/gab-comunicacao\/#breadcrumb"},"inLanguage":"pt-PT","potentialAction":[{"@type":"ReadAction","target":["https:\/\/aliancaevangelica.pt\/site\/gab-comunicacao\/"]}]},{"@type":"ImageObject","inLanguage":"pt-PT","@id":"https:\/\/aliancaevangelica.pt\/site\/gab-comunicacao\/#primaryimage","url":"https:\/\/aliancaevangelica.pt\/site\/wp-content\/uploads\/2017\/06\/gabinetes.jpg","contentUrl":"https:\/\/aliancaevangelica.pt\/site\/wp-content\/uploads\/2017\/06\/gabinetes.jpg","width":4388,"height":2078,"caption":"Ouvidor Geral do Estado, Marcos Can\u00e1rio, em palestra durante a reuni\u00e3o. Foto: Francisco Campos\/Secom"},{"@type":"BreadcrumbList","@id":"https:\/\/aliancaevangelica.pt\/site\/gab-comunicacao\/#breadcrumb","itemListElement":[{"@type":"ListItem","position":1,"name":"In\u00edcio","item":"https:\/\/aliancaevangelica.pt\/site\/"},{"@type":"ListItem","position":2,"name":"GABINETE DE COMUNICA\u00c7\u00c3O"}]},{"@type":"WebSite","@id":"https:\/\/aliancaevangelica.pt\/site\/#website","url":"https:\/\/aliancaevangelica.pt\/site\/","name":"Alian\u00e7a Evang\u00e9lica Portuguesa","description":"Alian\u00e7a Evang\u00e9lica Portuguesa","publisher":{"@id":"https:\/\/aliancaevangelica.pt\/site\/#organization"},"potentialAction":[{"@type":"SearchAction","target":{"@type":"EntryPoint","urlTemplate":"https:\/\/aliancaevangelica.pt\/site\/?s={search_term_string}"},"query-input":{"@type":"PropertyValueSpecification","valueRequired":true,"valueName":"search_term_string"}}],"inLanguage":"pt-PT"},{"@type":"Organization","@id":"https:\/\/aliancaevangelica.pt\/site\/#organization","name":"Alian\u00e7a Evang\u00e9lica Portuguesa","url":"https:\/\/aliancaevangelica.pt\/site\/","logo":{"@type":"ImageObject","inLanguage":"pt-PT","@id":"https:\/\/aliancaevangelica.pt\/site\/#\/schema\/logo\/image\/","url":"https:\/\/aliancaevangelica.pt\/site\/wp-content\/uploads\/2017\/11\/logo-AEP-cor.png","contentUrl":"https:\/\/aliancaevangelica.pt\/site\/wp-content\/uploads\/2017\/11\/logo-AEP-cor.png","width":1156,"height":672,"caption":"Alian\u00e7a Evang\u00e9lica Portuguesa"},"image":{"@id":"https:\/\/aliancaevangelica.pt\/site\/#\/schema\/logo\/image\/"},"sameAs":["http:\/\/facebook.com\/aeportuguesa","http:\/\/instagram.com\/aliancaep","http:\/\/youtube.com\/aeportuguesa"]}]}},"uagb_featured_image_src":{"full":["https:\/\/aliancaevangelica.pt\/site\/wp-content\/uploads\/2017\/06\/gabinetes.jpg",4388,2078,false],"thumbnail":["https:\/\/aliancaevangelica.pt\/site\/wp-content\/uploads\/2017\/06\/gabinetes-150x150.jpg",150,150,true],"medium":["https:\/\/aliancaevangelica.pt\/site\/wp-content\/uploads\/2017\/06\/gabinetes-300x142.jpg",300,142,true],"medium_large":["https:\/\/aliancaevangelica.pt\/site\/wp-content\/uploads\/2017\/06\/gabinetes-768x364.jpg",768,364,true],"large":["https:\/\/aliancaevangelica.pt\/site\/wp-content\/uploads\/2017\/06\/gabinetes-1024x485.jpg",960,455,true],"1536x1536":["https:\/\/aliancaevangelica.pt\/site\/wp-content\/uploads\/2017\/06\/gabinetes.jpg",1536,727,false],"2048x2048":["https:\/\/aliancaevangelica.pt\/site\/wp-content\/uploads\/2017\/06\/gabinetes.jpg",2048,970,false],"vp_sm":["https:\/\/aliancaevangelica.pt\/site\/wp-content\/uploads\/2017\/06\/gabinetes.jpg",500,237,false],"vp_md":["https:\/\/aliancaevangelica.pt\/site\/wp-content\/uploads\/2017\/06\/gabinetes.jpg",800,379,false],"vp_lg":["https:\/\/aliancaevangelica.pt\/site\/wp-content\/uploads\/2017\/06\/gabinetes.jpg",1280,606,false],"vp_xl":["https:\/\/aliancaevangelica.pt\/site\/wp-content\/uploads\/2017\/06\/gabinetes.jpg",1920,909,false],"vp_sm_popup":["https:\/\/aliancaevangelica.pt\/site\/wp-content\/uploads\/2017\/06\/gabinetes.jpg",500,237,false],"vp_md_popup":["https:\/\/aliancaevangelica.pt\/site\/wp-content\/uploads\/2017\/06\/gabinetes.jpg",800,379,false],"vp_xl_popup":["https:\/\/aliancaevangelica.pt\/site\/wp-content\/uploads\/2017\/06\/gabinetes.jpg",1920,909,false],"newsx-150x100":["https:\/\/aliancaevangelica.pt\/site\/wp-content\/uploads\/2017\/06\/gabinetes.jpg",150,71,false],"newsx-330x220":["https:\/\/aliancaevangelica.pt\/site\/wp-content\/uploads\/2017\/06\/gabinetes.jpg",330,156,false],"newsx-420x280":["https:\/\/aliancaevangelica.pt\/site\/wp-content\/uploads\/2017\/06\/gabinetes.jpg",420,199,false],"newsx-510x340":["https:\/\/aliancaevangelica.pt\/site\/wp-content\/uploads\/2017\/06\/gabinetes.jpg",510,242,false],"newsx-640x480":["https:\/\/aliancaevangelica.pt\/site\/wp-content\/uploads\/2017\/06\/gabinetes.jpg",640,303,false],"newsx-670x370":["https:\/\/aliancaevangelica.pt\/site\/wp-content\/uploads\/2017\/06\/gabinetes.jpg",670,317,false],"newsx-860x570":["https:\/\/aliancaevangelica.pt\/site\/wp-content\/uploads\/2017\/06\/gabinetes.jpg",860,407,false],"newsx-1000x750":["https:\/\/aliancaevangelica.pt\/site\/wp-content\/uploads\/2017\/06\/gabinetes.jpg",1000,474,false],"newsx-1200x600":["https:\/\/aliancaevangelica.pt\/site\/wp-content\/uploads\/2017\/06\/gabinetes.jpg",1200,568,false]},"uagb_author_info":{"display_name":"AEP","author_link":"https:\/\/aliancaevangelica.pt\/site\/author\/wpadmaep\/"},"uagb_comment_info":0,"uagb_excerpt":"Programas de TV, R\u00e1dio, Tomadas de Posi\u00e7\u00e3o, Recursos Objetivos","_links":{"self":[{"href":"https:\/\/aliancaevangelica.pt\/site\/wp-json\/wp\/v2\/pages\/23820","targetHints":{"allow":["GET"]}}],"collection":[{"href":"https:\/\/aliancaevangelica.pt\/site\/wp-json\/wp\/v2\/pages"}],"about":[{"href":"https:\/\/aliancaevangelica.pt\/site\/wp-json\/wp\/v2\/types\/page"}],"author":[{"embeddable":true,"href":"https:\/\/aliancaevangelica.pt\/site\/wp-json\/wp\/v2\/users\/3"}],"replies":[{"embeddable":true,"href":"https:\/\/aliancaevangelica.pt\/site\/wp-json\/wp\/v2\/comments?post=23820"}],"version-history":[{"count":6,"href":"https:\/\/aliancaevangelica.pt\/site\/wp-json\/wp\/v2\/pages\/23820\/revisions"}],"predecessor-version":[{"id":23863,"href":"https:\/\/aliancaevangelica.pt\/site\/wp-json\/wp\/v2\/pages\/23820\/revisions\/23863"}],"wp:featuredmedia":[{"embeddable":true,"href":"https:\/\/aliancaevangelica.pt\/site\/wp-json\/wp\/v2\/media\/15131"}],"wp:attachment":[{"href":"https:\/\/aliancaevangelica.pt\/site\/wp-json\/wp\/v2\/media?parent=23820"}],"curies":[{"name":"wp","href":"https:\/\/api.w.org\/{rel}","templated":true}]}}