{"id":15198,"date":"2017-11-28T16:49:27","date_gmt":"2017-11-28T16:49:27","guid":{"rendered":"https:\/\/aliancaevangelica.pt\/site\/?page_id=15198"},"modified":"2026-04-29T17:26:05","modified_gmt":"2026-04-29T17:26:05","slug":"rede-lausanne-portugal","status":"publish","type":"page","link":"https:\/\/aliancaevangelica.pt\/site\/rede-lausanne-portugal\/","title":{"rendered":"REDE MOVIMENTO LAUSANNE PORTUGAL"},"content":{"rendered":"\n<figure class=\"wp-block-image aligncenter size-large\"><img loading=\"lazy\" decoding=\"async\" width=\"1024\" height=\"647\" src=\"https:\/\/aliancaevangelica.pt\/site\/wp-content\/uploads\/2025\/09\/Untitled-1900-x-1200-px-2-1-1024x647.png\" alt=\"\" class=\"wp-image-21214\" srcset=\"https:\/\/aliancaevangelica.pt\/site\/wp-content\/uploads\/2025\/09\/Untitled-1900-x-1200-px-2-1-1024x647.png 1024w, https:\/\/aliancaevangelica.pt\/site\/wp-content\/uploads\/2025\/09\/Untitled-1900-x-1200-px-2-1-300x189.png 300w, https:\/\/aliancaevangelica.pt\/site\/wp-content\/uploads\/2025\/09\/Untitled-1900-x-1200-px-2-1-768x485.png 768w, https:\/\/aliancaevangelica.pt\/site\/wp-content\/uploads\/2025\/09\/Untitled-1900-x-1200-px-2-1-1536x970.png 1536w, https:\/\/aliancaevangelica.pt\/site\/wp-content\/uploads\/2025\/09\/Untitled-1900-x-1200-px-2-1-2048x1293.png 2048w, https:\/\/aliancaevangelica.pt\/site\/wp-content\/uploads\/2025\/09\/Untitled-1900-x-1200-px-2-1-1920x1213.png 1920w\" sizes=\"auto, (max-width: 1024px) 100vw, 1024px\" \/><\/figure>\n\n\n\n<h3 class=\"wp-block-heading has-text-align-center\"><strong>Um convite \u00e0 miss\u00e3o. Um movimento de colabora\u00e7\u00e3o.<\/strong><\/h3>\n\n\n\n<p>O <strong>Movimento Lausanne<\/strong> <strong>Portugal <\/strong>\u00e9 a express\u00e3o nacional do <strong>Movimento Lausanne Global<\/strong> \u2014 uma plataforma internacional que h\u00e1 mais de 50 anos liga l\u00edderes crist\u00e3os, igrejas e minist\u00e9rios com um objetivo comum: <strong>tornar Jesus conhecido, seguido e amado em todas as na\u00e7\u00f5es.<\/strong><\/p>\n\n\n\n<p>Em Portugal, caminhamos com igrejas locais, projetos mission\u00e1rios, redes criativas e pessoas com cora\u00e7\u00e3o inquieto pela miss\u00e3o de Deus. A nossa miss\u00e3o \u00e9 ouvir, colaborar e somar ao que j\u00e1 est\u00e1 a nascer nas igrejas e comunidades em Portugal \u2014 com uma vis\u00e3o global e compromisso com o Reino.<\/p>\n\n\n\n<h3 class=\"wp-block-heading has-text-align-center\"><strong>O que nos move<\/strong><\/h3>\n\n\n\n<p><em>&#8220;Toda a Igreja. Todo o Evangelho. Todo o Mundo.&#8221;<\/em><em><br><\/em> Inspiramos, conectamos e mobilizamos l\u00edderes para viverem a miss\u00e3o de Deus com intencionalidade e impacto \u2014 onde quer que estejam.<\/p>\n\n\n\n<p>Queremos ver a Igreja unida, viva e comprometida, a proclamar e a revelar Cristo em todas as esferas da sociedade.<\/p>\n\n\n\n<h3 class=\"wp-block-heading has-text-align-center\"><strong>Recursos, encontros e colabora\u00e7\u00e3o<\/strong><\/h3>\n\n\n\n<p class=\"has-text-align-left\">Fazemos parte de uma rede global com mais de 30 \u00e1reas tem\u00e1ticas, que abordam temas como f\u00e9 no local de trabalho, justi\u00e7a social, evangelismo, tecnologia, arte, inf\u00e2ncia, pobreza, educa\u00e7\u00e3o, secularismo e muito mais.<\/p>\n\n\n\n<p class=\"has-text-align-left\">Em Portugal, criamos espa\u00e7os de escuta, partilha e capacita\u00e7\u00e3o \u2014 com workshops, forma\u00e7\u00f5es, encontros regionais e apoio a iniciativas que desejam integrar f\u00e9 e miss\u00e3o de forma pr\u00e1tica.<\/p>\n\n\n\n<ul class=\"wp-block-list has-medium-font-size\">\n<li><strong>Workshops <\/strong>e <strong>forma\u00e7\u00f5es<\/strong>, adaptados \u00e0 tua realidade (ex: discipulado, evangelismo, lideran\u00e7a, f\u00e9 no trabalho, sa\u00fade emocional);<\/li>\n\n\n\n<li>Apoio \u00e0 mobiliza\u00e7\u00e3o mission\u00e1ria nas comunidades locais;<\/li>\n\n\n\n<li>Liga\u00e7\u00e3o a redes globais Lausanne e a outras iniciativas com vis\u00e3o semelhante;<\/li>\n\n\n\n<li>Partilha de recursos e inspira\u00e7\u00e3o, contextualizados para o nosso pa\u00eds.<\/li>\n<\/ul>\n\n\n\n<p class=\"has-text-align-center\"><strong>Queremos ajudar-te a fortalecer a vis\u00e3o, aprofundar a miss\u00e3o e colaborar no que Deus j\u00e1 est\u00e1 a fazer \u2014 onde est\u00e1s.<\/strong><\/p>\n\n\n\n<h3 class=\"wp-block-heading has-text-align-center\"><strong>Queres descobrir o teu papel na miss\u00e3o?<\/strong><\/h3>\n\n\n\n<p>A miss\u00e3o n\u00e3o \u00e9 s\u00f3 para alguns. \u00c9 para todos os que seguem Jesus.<br>No nosso site encontras:<\/p>\n\n\n\n<ul class=\"wp-block-list\">\n<li>Um <strong><a href=\"https:\/\/lausanneportugal.pt\/movimento-lausanne-para-ti\" target=\"_blank\" rel=\"noreferrer noopener\">quiz r\u00e1pido<\/a><\/strong> para descobrires o teu perfil mission\u00e1rio;<\/li>\n\n\n\n<li>Propostas de envolvimento para <strong><a href=\"https:\/\/lausanneportugal.pt\/para-igrejas-e-ministerios\" target=\"_blank\" rel=\"noreferrer noopener\">igrejas, minist\u00e9rios e indiv\u00edduos<\/a><\/strong>;<\/li>\n\n\n\n<li>Recursos e oportunidades para cresceres na vis\u00e3o e no impacto.<\/li>\n<\/ul>\n\n\n\n<h3 class=\"wp-block-heading has-text-align-center\"><strong>Sobre o Movimento Lausanne<\/strong><\/h3>\n\n\n\n<p>O Movimento Lausanne nasceu em 1974, com o primeiro congresso mundial de evangeliza\u00e7\u00e3o, convocado por Billy Graham e coordenado por John Stott. Desde ent\u00e3o, os seus encontros globais (Lausanne I, II, III e agora IV em 2024) t\u00eam dado origem a documentos que moldam a vis\u00e3o da miss\u00e3o crist\u00e3 para o nosso tempo, como o <strong>Pacto de Lausanne<\/strong>, o <strong>Manifesto de Manila<\/strong> e o <strong>Compromisso da Cidade do Cabo<\/strong>.<br><br>Mais de 5.300 l\u00edderes de 200 pa\u00edses participaram no congresso mais recente, Lausanne IV (Seul 2024), que marca uma nova fase do movimento: Lausanne como <strong>plataforma colaborativa para discipular as na\u00e7\u00f5es at\u00e9 2050<\/strong>.<\/p>\n\n\n\n<h4 class=\"wp-block-heading\">\ud83d\udce9 <strong>Contacto direto<\/strong><\/h4>\n\n\n\n<p><strong>E-mail:\u00a0<a href=\"mailto:movimentolausanneportugal@gmail.com\">movimentolausanneportugal@gmail.com<\/a><br>WhatsApp:\u00a0<a href=\"https:\/\/chat.whatsapp.com\/DJSGzHXjdT3DZ1r6ojnhAg\" target=\"_blank\" rel=\"noreferrer noopener\">https:\/\/chat.whatsapp.com\/DJSGzHXjdT3DZ1r6ojnhAg<\/a><br>Site: <a href=\"https:\/\/lausanneportugal.pt\/\" target=\"_blank\" rel=\"noreferrer noopener\">https:\/\/lausanneportugal.pt<\/a><\/strong><\/p>\n\n\n\n<h4 class=\"wp-block-heading\"><br>Veja tamb\u00e9m os programas:<\/h4>\n\n\n\n<div style=\"height:5px\" aria-hidden=\"true\" class=\"wp-block-spacer\"><\/div>\n\n\n\n<div class=\"wp-block-buttons is-layout-flex wp-block-buttons-is-layout-flex\">\n<div class=\"wp-block-button is-style-outline is-style-outline--1\"><a class=\"wp-block-button__link wp-element-button\" href=\"https:\/\/www.rtp.pt\/play\/p58\/e809536\/caminhos\" style=\"border-top-left-radius:4px;border-top-right-radius:4px;border-bottom-left-radius:4px;border-bottom-right-radius:4px\" target=\"_blank\" rel=\"noreferrer noopener\">Programa Caminhos &#8211; Congresso Lausanne 4 em Seoul &#8211; 17 nov 2024<\/a><\/div>\n<\/div>\n\n\n\n<div class=\"wp-block-buttons is-layout-flex wp-block-buttons-is-layout-flex\">\n<div class=\"wp-block-button is-style-outline is-style-outline--2\"><a class=\"wp-block-button__link wp-element-button\" href=\"https:\/\/www.rtp.pt\/play\/p50\/e858032\/\" style=\"border-top-left-radius:4px;border-top-right-radius:4px;border-bottom-left-radius:4px;border-bottom-right-radius:4px\" target=\"_blank\" rel=\"noreferrer noopener\">A F\u00e9 dos Homens &#8211; Iniciativa &#8220;\u00c0 Mesa com Lausanne&#8221; &#8211; 17 jun 2025<\/a><\/div>\n<\/div>\n\n\n\n<div class=\"wp-block-uagb-buttons uagb-buttons__outer-wrap uagb-btn__small-btn uagb-btn-tablet__default-btn uagb-btn-mobile__default-btn uagb-block-6dc394e5\"><div class=\"uagb-buttons__wrap uagb-buttons-layout-wrap \">\n<div class=\"wp-block-uagb-buttons-child uagb-buttons__outer-wrap uagb-block-0fb4cdde wp-block-button\"><div class=\"uagb-button__wrapper\"><a class=\"uagb-buttons-repeater wp-block-button__link\" aria-label=\"\" href=\"https:\/\/aliancaevangelica.pt\/site\/rede-de-oracao\/\" rel=\"follow noopener\" target=\"_self\" role=\"button\"><div class=\"uagb-button__link\">Ora\u00e7\u00e3o<\/div><\/a><\/div><\/div>\n\n\n\n<div class=\"wp-block-uagb-buttons-child uagb-buttons__outer-wrap uagb-block-c8e40b17 wp-block-button\"><div class=\"uagb-button__wrapper\"><a class=\"uagb-buttons-repeater wp-block-button__link\" aria-label=\"\" href=\"https:\/\/aliancaevangelica.pt\/site\/rede-de-missoes-amis\/\" rel=\"follow noopener\" target=\"_self\" role=\"button\"><div class=\"uagb-button__link\">Miss\u00f5es (AMIS)<\/div><\/a><\/div><\/div>\n\n\n\n<div class=\"wp-block-uagb-buttons-child uagb-buttons__outer-wrap uagb-block-57777855 wp-block-button\"><div class=\"uagb-button__wrapper\"><a class=\"uagb-buttons-repeater wp-block-button__link\" aria-label=\"\" href=\"https:\/\/aliancaevangelica.pt\/site\/rede-paz-reconciliacao-e-direitos-humanos\/\" rel=\"follow noopener\" target=\"_self\" role=\"button\"><div class=\"uagb-button__link\">Paz, Reconcilia\u00e7\u00e3o e Direitos Humanos<\/div><\/a><\/div><\/div>\n\n\n\n<div class=\"wp-block-uagb-buttons-child uagb-buttons__outer-wrap uagb-block-d024979c wp-block-button\"><div class=\"uagb-button__wrapper\"><a class=\"uagb-buttons-repeater wp-block-button__link\" aria-label=\"\" href=\"https:\/\/aliancaevangelica.pt\/site\/rede-jovens\/\" rel=\"follow noopener\" target=\"_self\" role=\"button\"><div class=\"uagb-button__link\">Jovens<\/div><\/a><\/div><\/div>\n\n\n\n<div class=\"wp-block-uagb-buttons-child uagb-buttons__outer-wrap uagb-block-2ffb2641 wp-block-button\"><div class=\"uagb-button__wrapper\"><a class=\"uagb-buttons-repeater wp-block-button__link\" aria-label=\"\" href=\"https:\/\/aliancaevangelica.pt\/site\/rede-mulheres-casais-e-familia\/\" rel=\"follow noopener\" target=\"_self\" role=\"button\"><div class=\"uagb-button__link\">Mulheres, Casais e Fam\u00edlia<\/div><\/a><\/div><\/div>\n\n\n\n<div class=\"wp-block-uagb-buttons-child uagb-buttons__outer-wrap uagb-block-8953feea wp-block-button\"><div class=\"uagb-button__wrapper\"><a class=\"uagb-buttons-repeater wp-block-button__link\" aria-label=\"\" href=\"https:\/\/aliancaevangelica.pt\/site\/rede-de-acao-social\/\" rel=\"follow noopener\" target=\"_self\" role=\"button\"><div class=\"uagb-button__link\">A\u00e7\u00e3o Social<\/div><\/a><\/div><\/div>\n\n\n\n<div class=\"wp-block-uagb-buttons-child uagb-buttons__outer-wrap uagb-block-9ab48f34 wp-block-button\"><div class=\"uagb-button__wrapper\"><a class=\"uagb-buttons-repeater wp-block-button__link\" aria-label=\"\" href=\"https:\/\/aliancaevangelica.pt\/site\/rede-de-educadores-e-professores-evangelicos\/\" rel=\"follow noopener\" target=\"_self\" role=\"button\"><div class=\"uagb-button__link\">Educadores e Professores Evang\u00e9licos<\/div><\/a><\/div><\/div>\n\n\n\n<div class=\"wp-block-uagb-buttons-child uagb-buttons__outer-wrap uagb-block-8944229e wp-block-button\"><div class=\"uagb-button__wrapper\"><a class=\"uagb-buttons-repeater wp-block-button__link\" aria-label=\"\" href=\"https:\/\/aliancaevangelica.pt\/site\/rede-de-eco-igrejas-ecologia\/\" rel=\"follow noopener\" target=\"_self\" role=\"button\"><div class=\"uagb-button__link\">Eco Igrejas (Ecologia)<\/div><\/a><\/div><\/div>\n\n\n\n<div class=\"wp-block-uagb-buttons-child uagb-buttons__outer-wrap uagb-block-c238c310 wp-block-button\"><div class=\"uagb-button__wrapper\"><a class=\"uagb-buttons-repeater wp-block-button__link\" aria-label=\"\" href=\"https:\/\/aliancaevangelica.pt\/site\/rede-lausanne-portugal\/\" rel=\"follow noopener\" target=\"_self\" role=\"button\"><div class=\"uagb-button__link\">Movimento Lausanne<\/div><\/a><\/div><\/div>\n\n\n\n<div class=\"wp-block-uagb-buttons-child uagb-buttons__outer-wrap uagb-block-d7d1ee26 wp-block-button\"><div class=\"uagb-button__wrapper\"><a class=\"uagb-buttons-repeater wp-block-button__link\" aria-label=\"\" href=\"https:\/\/aliancaevangelica.pt\/site\/rede-go-movement\/\" rel=\"follow noopener\" target=\"_self\" role=\"button\"><div class=\"uagb-button__link\">Go Movement<\/div><\/a><\/div><\/div>\n<\/div><\/div>\n\n\n\n<div style=\"height:100px\" aria-hidden=\"true\" class=\"wp-block-spacer\"><\/div>\n","protected":false},"excerpt":{"rendered":"<p>Um convite \u00e0 miss\u00e3o. Um movimento de colabora\u00e7\u00e3o. O Movimento Lausanne Portugal \u00e9 a express\u00e3o nacional do Movimento Lausanne Global \u2014 uma plataforma internacional que h\u00e1 mais de 50 anos liga l\u00edderes crist\u00e3os, igrejas e minist\u00e9rios com um objetivo comum: tornar Jesus conhecido, seguido e amado em todas as na\u00e7\u00f5es. Em Portugal, caminhamos com igrejas<\/p>\n","protected":false},"author":2,"featured_media":0,"parent":0,"menu_order":0,"comment_status":"closed","ping_status":"closed","template":"","meta":{"_piecal_is_event":false,"_piecal_start_date":"","_piecal_end_date":"","_piecal_is_allday":false,"_uag_custom_page_level_css":"","_themeisle_gutenberg_block_has_review":false,"_vp_format_video_url":"","_vp_image_focal_point":[],"footnotes":""},"class_list":["post-15198","page","type-page","status-publish","hentry"],"yoast_head":"<!-- This site is optimized with the Yoast SEO plugin v27.5 - https:\/\/yoast.com\/product\/yoast-seo-wordpress\/ -->\n<title>REDE MOVIMENTO LAUSANNE PORTUGAL - AEP<\/title>\n<meta name=\"robots\" content=\"index, follow, max-snippet:-1, max-image-preview:large, max-video-preview:-1\" \/>\n<link rel=\"canonical\" href=\"https:\/\/aliancaevangelica.pt\/site\/rede-lausanne-portugal\/\" \/>\n<meta property=\"og:locale\" content=\"pt_PT\" \/>\n<meta property=\"og:type\" content=\"article\" \/>\n<meta property=\"og:title\" content=\"REDE MOVIMENTO LAUSANNE PORTUGAL - AEP\" \/>\n<meta property=\"og:description\" content=\"Um convite \u00e0 miss\u00e3o. Um movimento de colabora\u00e7\u00e3o. O Movimento Lausanne Portugal \u00e9 a express\u00e3o nacional do Movimento Lausanne Global \u2014 uma plataforma internacional que h\u00e1 mais de 50 anos liga l\u00edderes crist\u00e3os, igrejas e minist\u00e9rios com um objetivo comum: tornar Jesus conhecido, seguido e amado em todas as na\u00e7\u00f5es. Em Portugal, caminhamos com igrejas\" \/>\n<meta property=\"og:url\" content=\"https:\/\/aliancaevangelica.pt\/site\/rede-lausanne-portugal\/\" \/>\n<meta property=\"og:site_name\" content=\"AEP\" \/>\n<meta property=\"article:publisher\" content=\"http:\/\/facebook.com\/aeportuguesa\" \/>\n<meta property=\"article:modified_time\" content=\"2026-04-29T17:26:05+00:00\" \/>\n<meta property=\"og:image\" content=\"https:\/\/aliancaevangelica.pt\/site\/wp-content\/uploads\/2025\/09\/Untitled-1900-x-1200-px-2-1.png\" \/>\n\t<meta property=\"og:image:width\" content=\"2850\" \/>\n\t<meta property=\"og:image:height\" content=\"1800\" \/>\n\t<meta property=\"og:image:type\" content=\"image\/png\" \/>\n<meta name=\"twitter:card\" content=\"summary_large_image\" \/>\n<meta name=\"twitter:label1\" content=\"Tempo estimado de leitura\" \/>\n\t<meta name=\"twitter:data1\" content=\"3 minutos\" \/>\n<script type=\"application\/ld+json\" class=\"yoast-schema-graph\">{\"@context\":\"https:\\\/\\\/schema.org\",\"@graph\":[{\"@type\":\"WebPage\",\"@id\":\"https:\\\/\\\/aliancaevangelica.pt\\\/site\\\/rede-lausanne-portugal\\\/\",\"url\":\"https:\\\/\\\/aliancaevangelica.pt\\\/site\\\/rede-lausanne-portugal\\\/\",\"name\":\"REDE MOVIMENTO LAUSANNE PORTUGAL - AEP\",\"isPartOf\":{\"@id\":\"https:\\\/\\\/aliancaevangelica.pt\\\/site\\\/#website\"},\"primaryImageOfPage\":{\"@id\":\"https:\\\/\\\/aliancaevangelica.pt\\\/site\\\/rede-lausanne-portugal\\\/#primaryimage\"},\"image\":{\"@id\":\"https:\\\/\\\/aliancaevangelica.pt\\\/site\\\/rede-lausanne-portugal\\\/#primaryimage\"},\"thumbnailUrl\":\"https:\\\/\\\/aliancaevangelica.pt\\\/site\\\/wp-content\\\/uploads\\\/2025\\\/09\\\/Untitled-1900-x-1200-px-2-1-1024x647.png\",\"datePublished\":\"2017-11-28T16:49:27+00:00\",\"dateModified\":\"2026-04-29T17:26:05+00:00\",\"breadcrumb\":{\"@id\":\"https:\\\/\\\/aliancaevangelica.pt\\\/site\\\/rede-lausanne-portugal\\\/#breadcrumb\"},\"inLanguage\":\"pt-PT\",\"potentialAction\":[{\"@type\":\"ReadAction\",\"target\":[\"https:\\\/\\\/aliancaevangelica.pt\\\/site\\\/rede-lausanne-portugal\\\/\"]}]},{\"@type\":\"ImageObject\",\"inLanguage\":\"pt-PT\",\"@id\":\"https:\\\/\\\/aliancaevangelica.pt\\\/site\\\/rede-lausanne-portugal\\\/#primaryimage\",\"url\":\"https:\\\/\\\/aliancaevangelica.pt\\\/site\\\/wp-content\\\/uploads\\\/2025\\\/09\\\/Untitled-1900-x-1200-px-2-1.png\",\"contentUrl\":\"https:\\\/\\\/aliancaevangelica.pt\\\/site\\\/wp-content\\\/uploads\\\/2025\\\/09\\\/Untitled-1900-x-1200-px-2-1.png\",\"width\":2850,\"height\":1800},{\"@type\":\"BreadcrumbList\",\"@id\":\"https:\\\/\\\/aliancaevangelica.pt\\\/site\\\/rede-lausanne-portugal\\\/#breadcrumb\",\"itemListElement\":[{\"@type\":\"ListItem\",\"position\":1,\"name\":\"In\u00edcio\",\"item\":\"https:\\\/\\\/aliancaevangelica.pt\\\/site\\\/\"},{\"@type\":\"ListItem\",\"position\":2,\"name\":\"REDE MOVIMENTO LAUSANNE PORTUGAL\"}]},{\"@type\":\"WebSite\",\"@id\":\"https:\\\/\\\/aliancaevangelica.pt\\\/site\\\/#website\",\"url\":\"https:\\\/\\\/aliancaevangelica.pt\\\/site\\\/\",\"name\":\"Alian\u00e7a Evang\u00e9lica Portuguesa\",\"description\":\"Alian\u00e7a Evang\u00e9lica Portuguesa\",\"publisher\":{\"@id\":\"https:\\\/\\\/aliancaevangelica.pt\\\/site\\\/#organization\"},\"potentialAction\":[{\"@type\":\"SearchAction\",\"target\":{\"@type\":\"EntryPoint\",\"urlTemplate\":\"https:\\\/\\\/aliancaevangelica.pt\\\/site\\\/?s={search_term_string}\"},\"query-input\":{\"@type\":\"PropertyValueSpecification\",\"valueRequired\":true,\"valueName\":\"search_term_string\"}}],\"inLanguage\":\"pt-PT\"},{\"@type\":\"Organization\",\"@id\":\"https:\\\/\\\/aliancaevangelica.pt\\\/site\\\/#organization\",\"name\":\"Alian\u00e7a Evang\u00e9lica Portuguesa\",\"url\":\"https:\\\/\\\/aliancaevangelica.pt\\\/site\\\/\",\"logo\":{\"@type\":\"ImageObject\",\"inLanguage\":\"pt-PT\",\"@id\":\"https:\\\/\\\/aliancaevangelica.pt\\\/site\\\/#\\\/schema\\\/logo\\\/image\\\/\",\"url\":\"https:\\\/\\\/aliancaevangelica.pt\\\/site\\\/wp-content\\\/uploads\\\/2017\\\/11\\\/logo-AEP-cor.png\",\"contentUrl\":\"https:\\\/\\\/aliancaevangelica.pt\\\/site\\\/wp-content\\\/uploads\\\/2017\\\/11\\\/logo-AEP-cor.png\",\"width\":1156,\"height\":672,\"caption\":\"Alian\u00e7a Evang\u00e9lica Portuguesa\"},\"image\":{\"@id\":\"https:\\\/\\\/aliancaevangelica.pt\\\/site\\\/#\\\/schema\\\/logo\\\/image\\\/\"},\"sameAs\":[\"http:\\\/\\\/facebook.com\\\/aeportuguesa\",\"http:\\\/\\\/instagram.com\\\/aliancaep\",\"http:\\\/\\\/youtube.com\\\/aeportuguesa\"]}]}<\/script>\n<!-- \/ Yoast SEO plugin. -->","yoast_head_json":{"title":"REDE MOVIMENTO LAUSANNE PORTUGAL - AEP","robots":{"index":"index","follow":"follow","max-snippet":"max-snippet:-1","max-image-preview":"max-image-preview:large","max-video-preview":"max-video-preview:-1"},"canonical":"https:\/\/aliancaevangelica.pt\/site\/rede-lausanne-portugal\/","og_locale":"pt_PT","og_type":"article","og_title":"REDE MOVIMENTO LAUSANNE PORTUGAL - AEP","og_description":"Um convite \u00e0 miss\u00e3o. Um movimento de colabora\u00e7\u00e3o. O Movimento Lausanne Portugal \u00e9 a express\u00e3o nacional do Movimento Lausanne Global \u2014 uma plataforma internacional que h\u00e1 mais de 50 anos liga l\u00edderes crist\u00e3os, igrejas e minist\u00e9rios com um objetivo comum: tornar Jesus conhecido, seguido e amado em todas as na\u00e7\u00f5es. Em Portugal, caminhamos com igrejas","og_url":"https:\/\/aliancaevangelica.pt\/site\/rede-lausanne-portugal\/","og_site_name":"AEP","article_publisher":"http:\/\/facebook.com\/aeportuguesa","article_modified_time":"2026-04-29T17:26:05+00:00","og_image":[{"width":2850,"height":1800,"url":"https:\/\/aliancaevangelica.pt\/site\/wp-content\/uploads\/2025\/09\/Untitled-1900-x-1200-px-2-1.png","type":"image\/png"}],"twitter_card":"summary_large_image","twitter_misc":{"Tempo estimado de leitura":"3 minutos"},"schema":{"@context":"https:\/\/schema.org","@graph":[{"@type":"WebPage","@id":"https:\/\/aliancaevangelica.pt\/site\/rede-lausanne-portugal\/","url":"https:\/\/aliancaevangelica.pt\/site\/rede-lausanne-portugal\/","name":"REDE MOVIMENTO LAUSANNE PORTUGAL - AEP","isPartOf":{"@id":"https:\/\/aliancaevangelica.pt\/site\/#website"},"primaryImageOfPage":{"@id":"https:\/\/aliancaevangelica.pt\/site\/rede-lausanne-portugal\/#primaryimage"},"image":{"@id":"https:\/\/aliancaevangelica.pt\/site\/rede-lausanne-portugal\/#primaryimage"},"thumbnailUrl":"https:\/\/aliancaevangelica.pt\/site\/wp-content\/uploads\/2025\/09\/Untitled-1900-x-1200-px-2-1-1024x647.png","datePublished":"2017-11-28T16:49:27+00:00","dateModified":"2026-04-29T17:26:05+00:00","breadcrumb":{"@id":"https:\/\/aliancaevangelica.pt\/site\/rede-lausanne-portugal\/#breadcrumb"},"inLanguage":"pt-PT","potentialAction":[{"@type":"ReadAction","target":["https:\/\/aliancaevangelica.pt\/site\/rede-lausanne-portugal\/"]}]},{"@type":"ImageObject","inLanguage":"pt-PT","@id":"https:\/\/aliancaevangelica.pt\/site\/rede-lausanne-portugal\/#primaryimage","url":"https:\/\/aliancaevangelica.pt\/site\/wp-content\/uploads\/2025\/09\/Untitled-1900-x-1200-px-2-1.png","contentUrl":"https:\/\/aliancaevangelica.pt\/site\/wp-content\/uploads\/2025\/09\/Untitled-1900-x-1200-px-2-1.png","width":2850,"height":1800},{"@type":"BreadcrumbList","@id":"https:\/\/aliancaevangelica.pt\/site\/rede-lausanne-portugal\/#breadcrumb","itemListElement":[{"@type":"ListItem","position":1,"name":"In\u00edcio","item":"https:\/\/aliancaevangelica.pt\/site\/"},{"@type":"ListItem","position":2,"name":"REDE MOVIMENTO LAUSANNE PORTUGAL"}]},{"@type":"WebSite","@id":"https:\/\/aliancaevangelica.pt\/site\/#website","url":"https:\/\/aliancaevangelica.pt\/site\/","name":"Alian\u00e7a Evang\u00e9lica Portuguesa","description":"Alian\u00e7a Evang\u00e9lica Portuguesa","publisher":{"@id":"https:\/\/aliancaevangelica.pt\/site\/#organization"},"potentialAction":[{"@type":"SearchAction","target":{"@type":"EntryPoint","urlTemplate":"https:\/\/aliancaevangelica.pt\/site\/?s={search_term_string}"},"query-input":{"@type":"PropertyValueSpecification","valueRequired":true,"valueName":"search_term_string"}}],"inLanguage":"pt-PT"},{"@type":"Organization","@id":"https:\/\/aliancaevangelica.pt\/site\/#organization","name":"Alian\u00e7a Evang\u00e9lica Portuguesa","url":"https:\/\/aliancaevangelica.pt\/site\/","logo":{"@type":"ImageObject","inLanguage":"pt-PT","@id":"https:\/\/aliancaevangelica.pt\/site\/#\/schema\/logo\/image\/","url":"https:\/\/aliancaevangelica.pt\/site\/wp-content\/uploads\/2017\/11\/logo-AEP-cor.png","contentUrl":"https:\/\/aliancaevangelica.pt\/site\/wp-content\/uploads\/2017\/11\/logo-AEP-cor.png","width":1156,"height":672,"caption":"Alian\u00e7a Evang\u00e9lica Portuguesa"},"image":{"@id":"https:\/\/aliancaevangelica.pt\/site\/#\/schema\/logo\/image\/"},"sameAs":["http:\/\/facebook.com\/aeportuguesa","http:\/\/instagram.com\/aliancaep","http:\/\/youtube.com\/aeportuguesa"]}]}},"uagb_featured_image_src":{"full":false,"thumbnail":false,"medium":false,"medium_large":false,"large":false,"1536x1536":false,"2048x2048":false,"vp_sm":false,"vp_md":false,"vp_lg":false,"vp_xl":false,"vp_sm_popup":false,"vp_md_popup":false,"vp_xl_popup":false,"newsx-150x100":false,"newsx-330x220":false,"newsx-420x280":false,"newsx-510x340":false,"newsx-640x480":false,"newsx-670x370":false,"newsx-860x570":false,"newsx-1000x750":false,"newsx-1200x600":false},"uagb_author_info":{"display_name":"AEP","author_link":"https:\/\/aliancaevangelica.pt\/site\/author\/aeportugal\/"},"uagb_comment_info":0,"uagb_excerpt":"Um convite \u00e0 miss\u00e3o. Um movimento de colabora\u00e7\u00e3o. O Movimento Lausanne Portugal \u00e9 a express\u00e3o nacional do Movimento Lausanne Global \u2014 uma plataforma internacional que h\u00e1 mais de 50 anos liga l\u00edderes crist\u00e3os, igrejas e minist\u00e9rios com um objetivo comum: tornar Jesus conhecido, seguido e amado em todas as na\u00e7\u00f5es. Em Portugal, caminhamos com igrejas","_links":{"self":[{"href":"https:\/\/aliancaevangelica.pt\/site\/wp-json\/wp\/v2\/pages\/15198","targetHints":{"allow":["GET"]}}],"collection":[{"href":"https:\/\/aliancaevangelica.pt\/site\/wp-json\/wp\/v2\/pages"}],"about":[{"href":"https:\/\/aliancaevangelica.pt\/site\/wp-json\/wp\/v2\/types\/page"}],"author":[{"embeddable":true,"href":"https:\/\/aliancaevangelica.pt\/site\/wp-json\/wp\/v2\/users\/2"}],"replies":[{"embeddable":true,"href":"https:\/\/aliancaevangelica.pt\/site\/wp-json\/wp\/v2\/comments?post=15198"}],"version-history":[{"count":35,"href":"https:\/\/aliancaevangelica.pt\/site\/wp-json\/wp\/v2\/pages\/15198\/revisions"}],"predecessor-version":[{"id":24120,"href":"https:\/\/aliancaevangelica.pt\/site\/wp-json\/wp\/v2\/pages\/15198\/revisions\/24120"}],"wp:attachment":[{"href":"https:\/\/aliancaevangelica.pt\/site\/wp-json\/wp\/v2\/media?parent=15198"}],"curies":[{"name":"wp","href":"https:\/\/api.w.org\/{rel}","templated":true}]}}