{"version":"1.0","provider_name":"AEP","provider_url":"https:\/\/aliancaevangelica.pt\/site","author_name":"AEP","author_url":"https:\/\/aliancaevangelica.pt\/site\/author\/aeportugal\/","title":"Webinar \"Tr\u00e1fico de Seres Humanos na Era Digital\" - AEP","type":"rich","width":600,"height":338,"html":"<blockquote class=\"wp-embedded-content\" data-secret=\"sbr2tFlNsZ\"><a href=\"https:\/\/aliancaevangelica.pt\/site\/webinar-trafico-de-seres-humanos-na-era-digital\/\">Webinar &#8220;Tr\u00e1fico de Seres Humanos na Era Digital&#8221;<\/a><\/blockquote><iframe sandbox=\"allow-scripts\" security=\"restricted\" src=\"https:\/\/aliancaevangelica.pt\/site\/webinar-trafico-de-seres-humanos-na-era-digital\/embed\/#?secret=sbr2tFlNsZ\" width=\"600\" height=\"338\" title=\"&#8220;Webinar &#8220;Tr\u00e1fico de Seres Humanos na Era Digital&#8221;&#8221; &#8212; AEP\" data-secret=\"sbr2tFlNsZ\" frameborder=\"0\" marginwidth=\"0\" marginheight=\"0\" scrolling=\"no\" class=\"wp-embedded-content\"><\/iframe><script type=\"text\/javascript\">\n\/* <![CDATA[ *\/\n\/*! This file is auto-generated *\/\n!function(d,l){\"use strict\";l.querySelector&&d.addEventListener&&\"undefined\"!=typeof URL&&(d.wp=d.wp||{},d.wp.receiveEmbedMessage||(d.wp.receiveEmbedMessage=function(e){var t=e.data;if((t||t.secret||t.message||t.value)&&!\/[^a-zA-Z0-9]\/.test(t.secret)){for(var s,r,n,a=l.querySelectorAll('iframe[data-secret=\"'+t.secret+'\"]'),o=l.querySelectorAll('blockquote[data-secret=\"'+t.secret+'\"]'),c=new RegExp(\"^https?:$\",\"i\"),i=0;i<o.length;i++)o[i].style.display=\"none\";for(i=0;i<a.length;i++)s=a[i],e.source===s.contentWindow&&(s.removeAttribute(\"style\"),\"height\"===t.message?(1e3<(r=parseInt(t.value,10))?r=1e3:~~r<200&&(r=200),s.height=r):\"link\"===t.message&&(r=new URL(s.getAttribute(\"src\")),n=new URL(t.value),c.test(n.protocol))&&n.host===r.host&&l.activeElement===s&&(d.top.location.href=t.value))}},d.addEventListener(\"message\",d.wp.receiveEmbedMessage,!1),l.addEventListener(\"DOMContentLoaded\",function(){for(var e,t,s=l.querySelectorAll(\"iframe.wp-embedded-content\"),r=0;r<s.length;r++)(t=(e=s[r]).getAttribute(\"data-secret\"))||(t=Math.random().toString(36).substring(2,12),e.src+=\"#?secret=\"+t,e.setAttribute(\"data-secret\",t)),e.contentWindow.postMessage({message:\"ready\",secret:t},\"*\")},!1)))}(window,document);\n\/\/# sourceURL=https:\/\/aliancaevangelica.pt\/site\/wp-includes\/js\/wp-embed.min.js\n\/* ]]> *\/\n<\/script>\n","thumbnail_url":"https:\/\/aliancaevangelica.pt\/site\/wp-content\/uploads\/2021\/04\/Captura-de-ecra\u0303-2021-04-28-a\u0300s-17.09.11.png","thumbnail_width":807,"thumbnail_height":775,"description":"A Rede Regional de Lisboa e Vale do Tejo de Apoio e Prote\u00e7\u00e3o a V\u00edtimas de Tr\u00e1fico de Seres Humanos vai dinamizar o Webinar:&nbsp;\u201cTr\u00e1fico de Seres Humanos na Era Digital: Que quest\u00f5es se colocam?\u201d&nbsp;no pr\u00f3ximo dia&nbsp;30 de Abril&nbsp;de 2021 pelas&nbsp;14:30h&nbsp;via Plataforma&nbsp;Zoom. A inscri\u00e7\u00e3o \u00e9&nbsp;gratuita e obrigat\u00f3ria&nbsp;atrav\u00e9s do link: https:\/\/forms.gle\/wicR9kx1ffYZScd8A O evento ir\u00e1 contar com uma"}