{"version":"1.0","provider_name":"AEP","provider_url":"https:\/\/aliancaevangelica.pt\/site","author_name":"AEP","author_url":"https:\/\/aliancaevangelica.pt\/site\/author\/aeportugal\/","title":"Not\u00edcias da M. do Carmo - Project Mozambique \u2013 Plus - AEP","type":"rich","width":600,"height":338,"html":"<blockquote class=\"wp-embedded-content\" data-secret=\"PXzejZuSa0\"><a href=\"https:\/\/aliancaevangelica.pt\/site\/noticias-da-m-do-carmo-project-mozambique-plus\/\">Not\u00edcias da M. do Carmo &#8211; Project Mozambique \u2013 Plus<\/a><\/blockquote><iframe sandbox=\"allow-scripts\" security=\"restricted\" src=\"https:\/\/aliancaevangelica.pt\/site\/noticias-da-m-do-carmo-project-mozambique-plus\/embed\/#?secret=PXzejZuSa0\" width=\"600\" height=\"338\" title=\"&#8220;Not\u00edcias da M. do Carmo &#8211; Project Mozambique \u2013 Plus&#8221; &#8212; AEP\" data-secret=\"PXzejZuSa0\" frameborder=\"0\" marginwidth=\"0\" marginheight=\"0\" scrolling=\"no\" class=\"wp-embedded-content\"><\/iframe><script type=\"text\/javascript\">\n\/* <![CDATA[ *\/\n\/*! This file is auto-generated *\/\n!function(d,l){\"use strict\";l.querySelector&&d.addEventListener&&\"undefined\"!=typeof URL&&(d.wp=d.wp||{},d.wp.receiveEmbedMessage||(d.wp.receiveEmbedMessage=function(e){var t=e.data;if((t||t.secret||t.message||t.value)&&!\/[^a-zA-Z0-9]\/.test(t.secret)){for(var s,r,n,a=l.querySelectorAll('iframe[data-secret=\"'+t.secret+'\"]'),o=l.querySelectorAll('blockquote[data-secret=\"'+t.secret+'\"]'),c=new RegExp(\"^https?:$\",\"i\"),i=0;i<o.length;i++)o[i].style.display=\"none\";for(i=0;i<a.length;i++)s=a[i],e.source===s.contentWindow&&(s.removeAttribute(\"style\"),\"height\"===t.message?(1e3<(r=parseInt(t.value,10))?r=1e3:~~r<200&&(r=200),s.height=r):\"link\"===t.message&&(r=new URL(s.getAttribute(\"src\")),n=new URL(t.value),c.test(n.protocol))&&n.host===r.host&&l.activeElement===s&&(d.top.location.href=t.value))}},d.addEventListener(\"message\",d.wp.receiveEmbedMessage,!1),l.addEventListener(\"DOMContentLoaded\",function(){for(var e,t,s=l.querySelectorAll(\"iframe.wp-embedded-content\"),r=0;r<s.length;r++)(t=(e=s[r]).getAttribute(\"data-secret\"))||(t=Math.random().toString(36).substring(2,12),e.src+=\"#?secret=\"+t,e.setAttribute(\"data-secret\",t)),e.contentWindow.postMessage({message:\"ready\",secret:t},\"*\")},!1)))}(window,document);\n\/\/# sourceURL=https:\/\/aliancaevangelica.pt\/site\/wp-includes\/js\/wp-embed.min.js\n\/* ]]> *\/\n<\/script>\n","thumbnail_url":"https:\/\/aliancaevangelica.pt\/site\/wp-content\/uploads\/2019\/05\/mocambique.jpg","thumbnail_width":1280,"thumbnail_height":720,"description":"Queridos irm\u00e3os Sauda\u00e7\u00f5es da Beira \u2013 Mo\u00e7ambique Foi uma semana muito preenchida, onde me tenho apercebido cada vez mais do drama que muitas pessoas ainda est\u00e3o a viver. Vejo como \u00e9 importante para as pessoas aqui poderem compartilhar uns com os outros as situa\u00e7\u00f5es que t\u00eam vivido.\u00a0 S\u00f3 agora muitas pessoas da Beira podem ver"}