{"version":"1.0","provider_name":"AEP","provider_url":"https:\/\/aliancaevangelica.pt\/site","author_name":"AEP","author_url":"https:\/\/aliancaevangelica.pt\/site\/author\/aeportugal\/","title":"A Matem\u00e1tica de Deus - Elsa Correia Pereira - AEP","type":"rich","width":600,"height":338,"html":"<blockquote class=\"wp-embedded-content\" data-secret=\"3s1jThEezM\"><a href=\"https:\/\/aliancaevangelica.pt\/site\/matematica-deus-elsa-correia-pereira\/\">A Matem\u00e1tica de Deus &#8211; Elsa Correia Pereira<\/a><\/blockquote><iframe sandbox=\"allow-scripts\" security=\"restricted\" src=\"https:\/\/aliancaevangelica.pt\/site\/matematica-deus-elsa-correia-pereira\/embed\/#?secret=3s1jThEezM\" width=\"600\" height=\"338\" title=\"&#8220;A Matem\u00e1tica de Deus &#8211; Elsa Correia Pereira&#8221; &#8212; AEP\" data-secret=\"3s1jThEezM\" frameborder=\"0\" marginwidth=\"0\" marginheight=\"0\" scrolling=\"no\" class=\"wp-embedded-content\"><\/iframe><script type=\"text\/javascript\">\n\/* <![CDATA[ *\/\n\/*! This file is auto-generated *\/\n!function(d,l){\"use strict\";l.querySelector&&d.addEventListener&&\"undefined\"!=typeof URL&&(d.wp=d.wp||{},d.wp.receiveEmbedMessage||(d.wp.receiveEmbedMessage=function(e){var t=e.data;if((t||t.secret||t.message||t.value)&&!\/[^a-zA-Z0-9]\/.test(t.secret)){for(var s,r,n,a=l.querySelectorAll('iframe[data-secret=\"'+t.secret+'\"]'),o=l.querySelectorAll('blockquote[data-secret=\"'+t.secret+'\"]'),c=new RegExp(\"^https?:$\",\"i\"),i=0;i<o.length;i++)o[i].style.display=\"none\";for(i=0;i<a.length;i++)s=a[i],e.source===s.contentWindow&&(s.removeAttribute(\"style\"),\"height\"===t.message?(1e3<(r=parseInt(t.value,10))?r=1e3:~~r<200&&(r=200),s.height=r):\"link\"===t.message&&(r=new URL(s.getAttribute(\"src\")),n=new URL(t.value),c.test(n.protocol))&&n.host===r.host&&l.activeElement===s&&(d.top.location.href=t.value))}},d.addEventListener(\"message\",d.wp.receiveEmbedMessage,!1),l.addEventListener(\"DOMContentLoaded\",function(){for(var e,t,s=l.querySelectorAll(\"iframe.wp-embedded-content\"),r=0;r<s.length;r++)(t=(e=s[r]).getAttribute(\"data-secret\"))||(t=Math.random().toString(36).substring(2,12),e.src+=\"#?secret=\"+t,e.setAttribute(\"data-secret\",t)),e.contentWindow.postMessage({message:\"ready\",secret:t},\"*\")},!1)))}(window,document);\n\/\/# sourceURL=https:\/\/aliancaevangelica.pt\/site\/wp-includes\/js\/wp-embed.min.js\n\/* ]]> *\/\n<\/script>\n","thumbnail_url":"https:\/\/aliancaevangelica.pt\/site\/wp-content\/uploads\/2018\/01\/AEP_30mar.jpg","thumbnail_width":1280,"thumbnail_height":853,"description":"&nbsp; J\u00e1 ouviu falar da Matem\u00e1tica de Deus? Certamente que sim. O epis\u00f3dio da multiplica\u00e7\u00e3o dos p\u00e3es mostra-nos com funciona (falaremos dele mais adiante). N\u00e3o funciona exatamente como as opera\u00e7\u00f5es aritm\u00e9ticas a que estamos habituados\u2026 Temos tend\u00eancia a n\u00e3o gostar da subtra\u00e7\u00e3o nem da divis\u00e3o porque o seu resultado \u00e9 sempre menor do que os"}