{"version":"1.0","provider_name":"AEP","provider_url":"https:\/\/aliancaevangelica.pt\/site","author_name":"AEP","author_url":"https:\/\/aliancaevangelica.pt\/site\/author\/aeportugal\/","title":"Evang\u00e9licos em Portugal Segundo o Censos 2021 - AEP","type":"rich","width":600,"height":338,"html":"<blockquote class=\"wp-embedded-content\" data-secret=\"2xDPxKSMHY\"><a href=\"https:\/\/aliancaevangelica.pt\/site\/evangelicos-em-portugal-segundo-o-censos-2021\/\">Evang\u00e9licos em Portugal Segundo o Censos 2021<\/a><\/blockquote><iframe sandbox=\"allow-scripts\" security=\"restricted\" src=\"https:\/\/aliancaevangelica.pt\/site\/evangelicos-em-portugal-segundo-o-censos-2021\/embed\/#?secret=2xDPxKSMHY\" width=\"600\" height=\"338\" title=\"&#8220;Evang\u00e9licos em Portugal Segundo o Censos 2021&#8221; &#8212; AEP\" data-secret=\"2xDPxKSMHY\" frameborder=\"0\" marginwidth=\"0\" marginheight=\"0\" scrolling=\"no\" class=\"wp-embedded-content\"><\/iframe><script type=\"text\/javascript\">\n\/* <![CDATA[ *\/\n\/*! This file is auto-generated *\/\n!function(d,l){\"use strict\";l.querySelector&&d.addEventListener&&\"undefined\"!=typeof URL&&(d.wp=d.wp||{},d.wp.receiveEmbedMessage||(d.wp.receiveEmbedMessage=function(e){var t=e.data;if((t||t.secret||t.message||t.value)&&!\/[^a-zA-Z0-9]\/.test(t.secret)){for(var s,r,n,a=l.querySelectorAll('iframe[data-secret=\"'+t.secret+'\"]'),o=l.querySelectorAll('blockquote[data-secret=\"'+t.secret+'\"]'),c=new RegExp(\"^https?:$\",\"i\"),i=0;i<o.length;i++)o[i].style.display=\"none\";for(i=0;i<a.length;i++)s=a[i],e.source===s.contentWindow&&(s.removeAttribute(\"style\"),\"height\"===t.message?(1e3<(r=parseInt(t.value,10))?r=1e3:~~r<200&&(r=200),s.height=r):\"link\"===t.message&&(r=new URL(s.getAttribute(\"src\")),n=new URL(t.value),c.test(n.protocol))&&n.host===r.host&&l.activeElement===s&&(d.top.location.href=t.value))}},d.addEventListener(\"message\",d.wp.receiveEmbedMessage,!1),l.addEventListener(\"DOMContentLoaded\",function(){for(var e,t,s=l.querySelectorAll(\"iframe.wp-embedded-content\"),r=0;r<s.length;r++)(t=(e=s[r]).getAttribute(\"data-secret\"))||(t=Math.random().toString(36).substring(2,12),e.src+=\"#?secret=\"+t,e.setAttribute(\"data-secret\",t)),e.contentWindow.postMessage({message:\"ready\",secret:t},\"*\")},!1)))}(window,document);\n\/\/# sourceURL=https:\/\/aliancaevangelica.pt\/site\/wp-includes\/js\/wp-embed.min.js\n\/* ]]> *\/\n<\/script>\n","thumbnail_url":"https:\/\/aliancaevangelica.pt\/site\/wp-content\/uploads\/2021\/04\/Captura-de-ecra\u0303-2021-04-16-a\u0300s-15.56.32.png","thumbnail_width":625,"thumbnail_height":757,"description":"De acordo com os dados recentemente divulgados referentes ao inqu\u00e9rito nacional \u201cCensos 2021\u201d, dos residentes em Portugal com 15 e mais anos de idade, que voluntariamente responderam \u00e0 pergunta sobre a sua perten\u00e7a religiosa, 186832 afirmaram ser protestantes\/evang\u00e9licos (2,13% dos respondentes). Uma parte significativa destes cidad\u00e3os integram igrejas e comunidades religiosas que est\u00e3o filiadas na"}