{"version":"1.0","provider_name":"AEP","provider_url":"https:\/\/aliancaevangelica.pt\/site","author_name":"AEP","author_url":"https:\/\/aliancaevangelica.pt\/site\/author\/aeportugal\/","title":"AEP solid\u00e1ria com o L\u00edbano - AEP","type":"rich","width":600,"height":338,"html":"<blockquote class=\"wp-embedded-content\" data-secret=\"a5Yv8wv7Lm\"><a href=\"https:\/\/aliancaevangelica.pt\/site\/aep-solidaria-com-o-libano\/\">AEP solid\u00e1ria com o L\u00edbano<\/a><\/blockquote><iframe sandbox=\"allow-scripts\" security=\"restricted\" src=\"https:\/\/aliancaevangelica.pt\/site\/aep-solidaria-com-o-libano\/embed\/#?secret=a5Yv8wv7Lm\" width=\"600\" height=\"338\" title=\"&#8220;AEP solid\u00e1ria com o L\u00edbano&#8221; &#8212; AEP\" data-secret=\"a5Yv8wv7Lm\" frameborder=\"0\" marginwidth=\"0\" marginheight=\"0\" scrolling=\"no\" class=\"wp-embedded-content\"><\/iframe><script type=\"text\/javascript\">\n\/* <![CDATA[ *\/\n\/*! This file is auto-generated *\/\n!function(d,l){\"use strict\";l.querySelector&&d.addEventListener&&\"undefined\"!=typeof URL&&(d.wp=d.wp||{},d.wp.receiveEmbedMessage||(d.wp.receiveEmbedMessage=function(e){var t=e.data;if((t||t.secret||t.message||t.value)&&!\/[^a-zA-Z0-9]\/.test(t.secret)){for(var s,r,n,a=l.querySelectorAll('iframe[data-secret=\"'+t.secret+'\"]'),o=l.querySelectorAll('blockquote[data-secret=\"'+t.secret+'\"]'),c=new RegExp(\"^https?:$\",\"i\"),i=0;i<o.length;i++)o[i].style.display=\"none\";for(i=0;i<a.length;i++)s=a[i],e.source===s.contentWindow&&(s.removeAttribute(\"style\"),\"height\"===t.message?(1e3<(r=parseInt(t.value,10))?r=1e3:~~r<200&&(r=200),s.height=r):\"link\"===t.message&&(r=new URL(s.getAttribute(\"src\")),n=new URL(t.value),c.test(n.protocol))&&n.host===r.host&&l.activeElement===s&&(d.top.location.href=t.value))}},d.addEventListener(\"message\",d.wp.receiveEmbedMessage,!1),l.addEventListener(\"DOMContentLoaded\",function(){for(var e,t,s=l.querySelectorAll(\"iframe.wp-embedded-content\"),r=0;r<s.length;r++)(t=(e=s[r]).getAttribute(\"data-secret\"))||(t=Math.random().toString(36).substring(2,12),e.src+=\"#?secret=\"+t,e.setAttribute(\"data-secret\",t)),e.contentWindow.postMessage({message:\"ready\",secret:t},\"*\")},!1)))}(window,document);\n\/\/# sourceURL=https:\/\/aliancaevangelica.pt\/site\/wp-includes\/js\/wp-embed.min.js\n\/* ]]> *\/\n<\/script>\n","thumbnail_url":"https:\/\/aliancaevangelica.pt\/site\/wp-content\/uploads\/2020\/08\/Captura-de-ecra\u0303-2020-08-08-a\u0300s-09.42.47.png","thumbnail_width":1318,"thumbnail_height":874,"description":"A Alian\u00e7a Evang\u00e9lica Portuguesa (AEP) associa-se \u00e0 Alian\u00e7a Evang\u00e9lica Mundial (WEA) pois est\u00e1 profundamente entristecida com a not\u00edcia da grande explos\u00e3o que abalou o cora\u00e7\u00e3o de Beirute, no L\u00edbano, no dia 4 de agosto. A explos\u00e3o, alegadamente causada por produtos qu\u00edmicos armazenados de forma n\u00e3o segura no porto, destruiu v\u00e1rios edif\u00edcios \u00e0 volta e resultou"}